{"id":676,"date":"2021-07-14T14:35:30","date_gmt":"2021-07-14T13:35:30","guid":{"rendered":"https:\/\/regenagri.org\/?page_id=676"},"modified":"2024-02-21T16:09:53","modified_gmt":"2024-02-21T16:09:53","slug":"podcast","status":"publish","type":"page","link":"https:\/\/regenagri.org\/ro\/podcast\/","title":{"rendered":"Podcast"},"content":{"rendered":"<p>Prezent\u00e2nd exper\u021bi din industria agricol\u0103, evenimentul<a href=\"https:\/\/anchor.fm\/regenagri\/\" target=\"_blank\" rel=\"noreferrer noopener\">&nbsp;regenagri podcast<\/a>&nbsp;exploreaz\u0103 modalit\u0103\u021bile prin care agricultura global\u0103 se orienteaz\u0103 c\u0103tre abord\u0103ri mai regenerative \u0219i modul \u00een care mi\u0219carea evolueaz\u0103 rapid. Asculta\u021bi-ne \u00een mod regulat pentru a afla informa\u021bii despre toate aspectele legate de regenerare \u0219i pentru a r\u0103m\u00e2ne \u00een fruntea mi\u0219c\u0103rii globale.<\/p>\n\n\n\n<figure class=\"wp-block-image size-large\"><a href=\"https:\/\/anchor.fm\/regenagri\/\"><img decoding=\"async\" width=\"1200\" height=\"1200\" data-src=\"https:\/\/regenagri.org\/wp-content\/uploads\/2021\/06\/regenagri-podcast-cover-art-6-002-1200x1200.png\" alt=\"\" class=\"wp-image-646 lazyload\" data-srcset=\"https:\/\/regenagri.org\/wp-content\/uploads\/2021\/06\/regenagri-podcast-cover-art-6-002-1200x1200.png 1200w, https:\/\/regenagri.org\/wp-content\/uploads\/2021\/06\/regenagri-podcast-cover-art-6-002-700x700.png 700w, https:\/\/regenagri.org\/wp-content\/uploads\/2021\/06\/regenagri-podcast-cover-art-6-002-400x400.png 400w, https:\/\/regenagri.org\/wp-content\/uploads\/2021\/06\/regenagri-podcast-cover-art-6-002-768x768.png 768w, https:\/\/regenagri.org\/wp-content\/uploads\/2021\/06\/regenagri-podcast-cover-art-6-002-1536x1536.png 1536w, https:\/\/regenagri.org\/wp-content\/uploads\/2021\/06\/regenagri-podcast-cover-art-6-002.png 1920w\" data-sizes=\"(max-width: 1200px) 100vw, 1200px\" src=\"data:image\/svg+xml;base64,PHN2ZyB3aWR0aD0iMSIgaGVpZ2h0PSIxIiB4bWxucz0iaHR0cDovL3d3dy53My5vcmcvMjAwMC9zdmciPjwvc3ZnPg==\" style=\"--smush-placeholder-width: 1200px; --smush-placeholder-aspect-ratio: 1200\/1200;\" \/><\/a><\/figure>\n\n\n\n<p>Episoadele anterioare includ:<\/p>\n\n\n\n<ol class=\"wp-block-list\">\n<li>Agricultura bazat\u0103 pe biodiversitate<\/li>\n\n\n\n<li>Solul - viitorul hranei?<\/li>\n\n\n\n<li>Cum s\u0103 abord\u0103m agricultura regenerativ\u0103<\/li>\n\n\n\n<li>\u00cencorporarea agroforestierelor \u00een sistemele regenerative<\/li>\n\n\n\n<li>Tranzi\u021bia c\u0103tre agricultura regenerativ\u0103<\/li>\n\n\n\n<li>Promovarea l\u00e2nii britanice<\/li>\n\n\n\n<li>Tranzi\u021bia c\u0103tre finan\u021barea ecologic\u0103<\/li>\n\n\n\n<li>\u00cencorporarea p\u0103\u0219unatului regenerativ<\/li>\n\n\n\n<li>Agricultur\u0103 pentru g\u00e2ndacii de b\u0103legar<\/li>\n\n\n\n<li>Utilizarea certific\u0103rii pentru a deschide u\u0219a c\u0103tre pie\u021bele interna\u021bionale<\/li>\n\n\n\n<li>Rewilding - aliatul nea\u0219teptat al agriculturii regenerative?<\/li>\n\n\n\n<li>Conven\u021biile ONU - ce impact pot avea acestea asupra viitorului agriculturii?<\/li>\n\n\n\n<li>Cum poate sprijini tehnologia tranzi\u021bia c\u0103tre sisteme alimentare regenerative?<\/li>\n\n\n\n<li>Cum poate deveni sustenabilitatea o norm\u0103?<\/li>\n\n\n\n<li>Schimb\u0103ri mici, diferen\u021be mari - explorarea rolului culturilor de acoperire \u00een sistemele agricole regenerative<\/li>\n\n\n\n<li>M\u00e2nc\u0103ruri preparate regenerative<\/li>\n\n\n\n<li>Ce crede publicul despre agricultura regenerativ\u0103?<\/li>\n\n\n\n<li>Cum pot sistemele alimentare regenerative s\u0103 creeze rezilien\u021b\u0103 \u00een fa\u021ba crizei climatice?<\/li>\n\n\n\n<li>Cum s\u0103 cre\u0103m un lan\u021b de aprovizionare regenerativ cu bumbac<\/li>\n\n\n\n<li>Cum se potrive\u0219te contabilizarea carbonului cu agricultura regenerativ\u0103<\/li>\n\n\n\n<li>Integrarea animalelor \u00eentr-un sistem arabil<\/li>\n\n\n\n<li>Produc\u021bia regenerativ\u0103 de vin<\/li>\n\n\n\n<li>Tranzi\u021bie profitabil\u0103 la sistemele f\u0103r\u0103 cultivare<\/li>\n\n\n\n<li>Crearea de capital financiar \u0219i natural cu ajutorul agriculturii regenerative<\/li>\n\n\n\n<li>Pot alimentele produse prin regenerare s\u0103 pretind\u0103 c\u0103 sunt mai nutritive \u0219i mai gustoase?<\/li>\n\n\n\n<li>Beneficiile comunitare ale agriculturii regenerative<\/li>\n\n\n\n<li>Realit\u0103\u021bi regenerative: Percep\u021bii privind produc\u021bia regenerativ\u0103 de lapte \u0219i ou\u0103<\/li>\n\n\n\n<li>Beneficiile biodiverse ale agriculturii regenerative<\/li>\n\n\n\n<li>Direct de la surs\u0103 - un lan\u021b de aprovizionare cu bumbac mai trasabil \u0219i mai transparent<\/li>\n\n\n\n<li>Sprijinirea lan\u021burilor de aprovizionare \u00een tranzi\u021bia c\u0103tre agricultura regenerativ\u0103<\/li>\n\n\n\n<li>Utilizarea datelor privind polenizatorii pentru a informa practicile regenerative \u0219i a \u00eembun\u0103t\u0103\u021bi biodiversitatea<\/li>\n\n\n\n<li>Abordare holistic\u0103 a produc\u021biei regenerative de cafea<\/li>\n\n\n\n<li>Rolul datelor \u0219i al tehnologiei digitale \u00een agricultura regenerativ\u0103<\/li>\n\n\n\n<li>Consolidarea rezilien\u021bei regenerative a lan\u021bului de aprovizionare<\/li>\n<\/ol>\n\n\n\n<div class=\"wp-block-buttons is-layout-flex wp-block-buttons-is-layout-flex\">\n<div class=\"wp-block-button\"><a class=\"wp-block-button__link wp-element-button\" href=\"https:\/\/anchor.fm\/regenagri\/\" target=\"_blank\" rel=\"noreferrer noopener\">accesa\u021bi toate episoadele podcastului acum<\/a><\/div>\n\n\n<\/div>","protected":false},"excerpt":{"rendered":"<p>Featuring experts in the agricultural industry, the&nbsp;regenagri podcast&nbsp;explores the ways that global farming is [\u2026]<\/p>\n","protected":false},"author":3,"featured_media":0,"parent":0,"menu_order":0,"comment_status":"closed","ping_status":"closed","template":"","meta":{"_acf_changed":false,"footnotes":""},"class_list":["post-676","page","type-page","status-publish","hentry"],"acf":[],"yoast_head":"<!-- This site is optimized with the Yoast SEO plugin v27.4 - https:\/\/yoast.com\/product\/yoast-seo-wordpress\/ -->\n<title>Podcast &#8212; regenagri<\/title>\n<meta name=\"robots\" content=\"index, follow, max-snippet:-1, max-image-preview:large, max-video-preview:-1\" \/>\n<link rel=\"canonical\" href=\"https:\/\/regenagri.org\/ro\/podcast\/\" \/>\n<meta property=\"og:locale\" content=\"ro_RO\" \/>\n<meta property=\"og:type\" content=\"article\" \/>\n<meta property=\"og:title\" content=\"Podcast &#8212; regenagri\" \/>\n<meta property=\"og:description\" content=\"Featuring experts in the agricultural industry, the&nbsp;regenagri podcast&nbsp;explores the ways that global farming is [\u2026]\" \/>\n<meta property=\"og:url\" content=\"https:\/\/regenagri.org\/ro\/podcast\/\" \/>\n<meta property=\"og:site_name\" content=\"regenagri\" \/>\n<meta property=\"article:modified_time\" content=\"2024-02-21T16:09:53+00:00\" \/>\n<meta property=\"og:image\" content=\"https:\/\/regenagri.org\/wp-content\/uploads\/2021\/06\/regenagri-podcast-cover-art-6-002-1200x1200.png\" \/>\n<meta name=\"twitter:card\" content=\"summary_large_image\" \/>\n<script type=\"application\/ld+json\" class=\"yoast-schema-graph\">{\"@context\":\"https:\\\/\\\/schema.org\",\"@graph\":[{\"@type\":\"WebPage\",\"@id\":\"https:\\\/\\\/regenagri.org\\\/podcast\\\/\",\"url\":\"https:\\\/\\\/regenagri.org\\\/podcast\\\/\",\"name\":\"Podcast &#8212; regenagri\",\"isPartOf\":{\"@id\":\"https:\\\/\\\/regenagri.org\\\/#website\"},\"primaryImageOfPage\":{\"@id\":\"https:\\\/\\\/regenagri.org\\\/podcast\\\/#primaryimage\"},\"image\":{\"@id\":\"https:\\\/\\\/regenagri.org\\\/podcast\\\/#primaryimage\"},\"thumbnailUrl\":\"https:\\\/\\\/regenagri.org\\\/wp-content\\\/uploads\\\/2021\\\/06\\\/regenagri-podcast-cover-art-6-002-1200x1200.png\",\"datePublished\":\"2021-07-14T13:35:30+00:00\",\"dateModified\":\"2024-02-21T16:09:53+00:00\",\"breadcrumb\":{\"@id\":\"https:\\\/\\\/regenagri.org\\\/podcast\\\/#breadcrumb\"},\"inLanguage\":\"ro-RO\",\"potentialAction\":[{\"@type\":\"ReadAction\",\"target\":[\"https:\\\/\\\/regenagri.org\\\/podcast\\\/\"]}]},{\"@type\":\"ImageObject\",\"inLanguage\":\"ro-RO\",\"@id\":\"https:\\\/\\\/regenagri.org\\\/podcast\\\/#primaryimage\",\"url\":\"https:\\\/\\\/regenagri.org\\\/wp-content\\\/uploads\\\/2021\\\/06\\\/regenagri-podcast-cover-art-6-002-1200x1200.png\",\"contentUrl\":\"https:\\\/\\\/regenagri.org\\\/wp-content\\\/uploads\\\/2021\\\/06\\\/regenagri-podcast-cover-art-6-002-1200x1200.png\"},{\"@type\":\"BreadcrumbList\",\"@id\":\"https:\\\/\\\/regenagri.org\\\/podcast\\\/#breadcrumb\",\"itemListElement\":[{\"@type\":\"ListItem\",\"position\":1,\"name\":\"Home\",\"item\":\"https:\\\/\\\/regenagri.org\\\/\"},{\"@type\":\"ListItem\",\"position\":2,\"name\":\"Podcast\"}]},{\"@type\":\"WebSite\",\"@id\":\"https:\\\/\\\/regenagri.org\\\/#website\",\"url\":\"https:\\\/\\\/regenagri.org\\\/\",\"name\":\"regenagri\",\"description\":\"\",\"publisher\":{\"@id\":\"https:\\\/\\\/regenagri.org\\\/#organization\"},\"potentialAction\":[{\"@type\":\"SearchAction\",\"target\":{\"@type\":\"EntryPoint\",\"urlTemplate\":\"https:\\\/\\\/regenagri.org\\\/?s={search_term_string}\"},\"query-input\":{\"@type\":\"PropertyValueSpecification\",\"valueRequired\":true,\"valueName\":\"search_term_string\"}}],\"inLanguage\":\"ro-RO\"},{\"@type\":\"Organization\",\"@id\":\"https:\\\/\\\/regenagri.org\\\/#organization\",\"name\":\"regenagri\",\"url\":\"https:\\\/\\\/regenagri.org\\\/\",\"logo\":{\"@type\":\"ImageObject\",\"inLanguage\":\"ro-RO\",\"@id\":\"https:\\\/\\\/regenagri.org\\\/#\\\/schema\\\/logo\\\/image\\\/\",\"url\":\"https:\\\/\\\/regenagri.org\\\/wp-content\\\/uploads\\\/2021\\\/05\\\/regenagri.png\",\"contentUrl\":\"https:\\\/\\\/regenagri.org\\\/wp-content\\\/uploads\\\/2021\\\/05\\\/regenagri.png\",\"width\":1200,\"height\":452,\"caption\":\"regenagri\"},\"image\":{\"@id\":\"https:\\\/\\\/regenagri.org\\\/#\\\/schema\\\/logo\\\/image\\\/\"}}]}<\/script>\n<!-- \/ Yoast SEO plugin. -->","yoast_head_json":{"title":"Podcast - regenagri","robots":{"index":"index","follow":"follow","max-snippet":"max-snippet:-1","max-image-preview":"max-image-preview:large","max-video-preview":"max-video-preview:-1"},"canonical":"https:\/\/regenagri.org\/ro\/podcast\/","og_locale":"ro_RO","og_type":"article","og_title":"Podcast &#8212; regenagri","og_description":"Featuring experts in the agricultural industry, the&nbsp;regenagri podcast&nbsp;explores the ways that global farming is [\u2026]","og_url":"https:\/\/regenagri.org\/ro\/podcast\/","og_site_name":"regenagri","article_modified_time":"2024-02-21T16:09:53+00:00","og_image":[{"url":"https:\/\/regenagri.org\/wp-content\/uploads\/2021\/06\/regenagri-podcast-cover-art-6-002-1200x1200.png","type":"","width":"","height":""}],"twitter_card":"summary_large_image","schema":{"@context":"https:\/\/schema.org","@graph":[{"@type":"WebPage","@id":"https:\/\/regenagri.org\/podcast\/","url":"https:\/\/regenagri.org\/podcast\/","name":"Podcast - regenagri","isPartOf":{"@id":"https:\/\/regenagri.org\/#website"},"primaryImageOfPage":{"@id":"https:\/\/regenagri.org\/podcast\/#primaryimage"},"image":{"@id":"https:\/\/regenagri.org\/podcast\/#primaryimage"},"thumbnailUrl":"https:\/\/regenagri.org\/wp-content\/uploads\/2021\/06\/regenagri-podcast-cover-art-6-002-1200x1200.png","datePublished":"2021-07-14T13:35:30+00:00","dateModified":"2024-02-21T16:09:53+00:00","breadcrumb":{"@id":"https:\/\/regenagri.org\/podcast\/#breadcrumb"},"inLanguage":"ro-RO","potentialAction":[{"@type":"ReadAction","target":["https:\/\/regenagri.org\/podcast\/"]}]},{"@type":"ImageObject","inLanguage":"ro-RO","@id":"https:\/\/regenagri.org\/podcast\/#primaryimage","url":"https:\/\/regenagri.org\/wp-content\/uploads\/2021\/06\/regenagri-podcast-cover-art-6-002-1200x1200.png","contentUrl":"https:\/\/regenagri.org\/wp-content\/uploads\/2021\/06\/regenagri-podcast-cover-art-6-002-1200x1200.png"},{"@type":"BreadcrumbList","@id":"https:\/\/regenagri.org\/podcast\/#breadcrumb","itemListElement":[{"@type":"ListItem","position":1,"name":"Home","item":"https:\/\/regenagri.org\/"},{"@type":"ListItem","position":2,"name":"Podcast"}]},{"@type":"WebSite","@id":"https:\/\/regenagri.org\/#website","url":"https:\/\/regenagri.org\/","name":"regenagri","description":"","publisher":{"@id":"https:\/\/regenagri.org\/#organization"},"potentialAction":[{"@type":"SearchAction","target":{"@type":"EntryPoint","urlTemplate":"https:\/\/regenagri.org\/?s={search_term_string}"},"query-input":{"@type":"PropertyValueSpecification","valueRequired":true,"valueName":"search_term_string"}}],"inLanguage":"ro-RO"},{"@type":"Organization","@id":"https:\/\/regenagri.org\/#organization","name":"regenagri","url":"https:\/\/regenagri.org\/","logo":{"@type":"ImageObject","inLanguage":"ro-RO","@id":"https:\/\/regenagri.org\/#\/schema\/logo\/image\/","url":"https:\/\/regenagri.org\/wp-content\/uploads\/2021\/05\/regenagri.png","contentUrl":"https:\/\/regenagri.org\/wp-content\/uploads\/2021\/05\/regenagri.png","width":1200,"height":452,"caption":"regenagri"},"image":{"@id":"https:\/\/regenagri.org\/#\/schema\/logo\/image\/"}}]}},"_links":{"self":[{"href":"https:\/\/regenagri.org\/ro\/wp-json\/wp\/v2\/pages\/676","targetHints":{"allow":["GET"]}}],"collection":[{"href":"https:\/\/regenagri.org\/ro\/wp-json\/wp\/v2\/pages"}],"about":[{"href":"https:\/\/regenagri.org\/ro\/wp-json\/wp\/v2\/types\/page"}],"author":[{"embeddable":true,"href":"https:\/\/regenagri.org\/ro\/wp-json\/wp\/v2\/users\/3"}],"replies":[{"embeddable":true,"href":"https:\/\/regenagri.org\/ro\/wp-json\/wp\/v2\/comments?post=676"}],"version-history":[{"count":22,"href":"https:\/\/regenagri.org\/ro\/wp-json\/wp\/v2\/pages\/676\/revisions"}],"predecessor-version":[{"id":2661,"href":"https:\/\/regenagri.org\/ro\/wp-json\/wp\/v2\/pages\/676\/revisions\/2661"}],"wp:attachment":[{"href":"https:\/\/regenagri.org\/ro\/wp-json\/wp\/v2\/media?parent=676"}],"curies":[{"name":"wp","href":"https:\/\/api.w.org\/{rel}","templated":true}]}}