{"id":78,"date":"2021-05-08T17:05:00","date_gmt":"2021-05-08T16:05:00","guid":{"rendered":"http:\/\/regenagri-org.stackstaging.com\/?page_id=78"},"modified":"2023-06-27T10:40:49","modified_gmt":"2023-06-27T09:40:49","slug":"feltetelek-es-kikotesek","status":"publish","type":"page","link":"https:\/\/regenagri.org\/hu\/terms-and-conditions\/","title":{"rendered":"Felt\u00e9telek \u00e9s kik\u00f6t\u00e9sek"},"content":{"rendered":"<h2 class=\"wp-block-heading\">\u00c1ltal\u00e1nos Szerz\u0151d\u00e9si Felt\u00e9telek - Regenagri\u00ae Platform<\/h2>\n\n\n\n<p>Felh\u00edvjuk figyelm\u00e9t, hogy \u00d6n\/FELHASZN\u00c1L\u00d3 kiz\u00e1r\u00f3lag a Regenagri<sup>\u00ae<\/sup> Platform abban az esetben, ha a d\u00edjakat befizett\u00e9k, \u00e9s a Regenagri ezt k\u00f6vet\u0151en enged\u00e9lyezte az \u00d6n\/FELHASZN\u00c1L\u00d3 hozz\u00e1f\u00e9r\u00e9s\u00e9t a Regenagri<sup>\u00ae<\/sup> Platform.  Abban az esetben, ha a Regenagri nem tette lehet\u0151v\u00e9 az \u00d6n\/FELHASZN\u00c1L\u00d3 sz\u00e1m\u00e1ra a hozz\u00e1f\u00e9r\u00e9st a Regenagri<sup>\u00ae<\/sup> Platformon, akkor \u00d6n\/FELHASZN\u00c1L\u00d3 nem jogosult annak haszn\u00e1lat\u00e1ra, \u00e9s nem tekinthet\u0151 \u00fagy, hogy a haszn\u00e1latra enged\u00e9lyt adtak volna.<\/p>\n\n\n\n<p>1. K\u00f6sz\u00f6nj\u00fck, hogy a Regenagrit v\u00e1lasztotta<sup>\u00ae<\/sup> Platform. Hacsak kifejezetten nem \u00e1llapodtak meg \u00edr\u00e1sban az ellenkez\u0151j\u00e9r\u0151l, a Regenagri<sup>\u00ae<\/sup> A platformot a jelen \u00e1ltal\u00e1nos szerz\u0151d\u00e9si felt\u00e9telekkel (a tov\u00e1bbiakban \u2018\u00c1SZF\u2019) \u00f6sszhangban ny\u00fajtjuk. A Regenagri \u00e1ltal rendelkez\u00e9sre bocs\u00e1tott tartalom vagy anyag regisztr\u00e1l\u00e1s\u00e1val, haszn\u00e1lat\u00e1val vagy megnyit\u00e1s\u00e1val<sup>\u00ae<\/sup> A Platform \u00d6n\u00f6k k\u00f6telez\u0151 \u00e9rv\u00e9ny\u0171 szerz\u0151d\u00e9st k\u00f6tnek a Regenagri CiC-vel (\u2018T\u00e1rsas\u00e1g\u2019). Minden ebb\u0151l ered\u0151 szerz\u0151d\u00e9s, meg\u00e1llapod\u00e1s vagy egy\u00e9b meg\u00e1llapod\u00e1s a Regenagri<sup>\u00ae<\/sup> A Platformra minden tekintetben a jelen \u00c1SZF ir\u00e1nyad\u00f3 (kiv\u00e9ve, ha kifejezetten ellenkez\u0151 \u00e9rtelm\u0171 kik\u00f6t\u00e9s van), kiv\u00e9ve, ha az ilyen meg\u00e1llapod\u00e1sok vagy szerz\u0151d\u00e9sek megk\u00f6t\u00e9s\u00e9nek vagy v\u00e9grehajt\u00e1s\u00e1nak helye szerinti jog kiz\u00e1rja a jelen \u00c1SZF-et, \u00e9s ebben az esetben a helyi jog(ok) az ir\u00e1nyad\u00f3ak, b\u00e1rhol, de csak olyan m\u00e9rt\u00e9kben, amennyiben az elt\u00e9r a jelen \u00c1SZF-t\u0151l.<\/p>\n\n\n\n<p>2. A Regenagri<sup>\u00ae<\/sup> A platformot \u201c\u00fagy, ahogy van\u201d, mindenf\u00e9le garanci\u00e1k n\u00e9lk\u00fcl ny\u00fajtjuk. Nem szavatoljuk, hogy a Regenagri<sup>\u00ae<\/sup> A platform folyamatos vagy megszak\u00edt\u00e1s n\u00e9lk\u00fcli. A Regenagri Platformhoz val\u00f3 hozz\u00e1f\u00e9r\u00e9s b\u00e1rmilyen megszakad\u00e1sa eset\u00e9n a Regenagri<sup>\u00ae<\/sup> Platformot, az \u00e9sszer\u0171en kivitelezhet\u0151 legr\u00f6videbb id\u0151n bel\u00fcl \u00e9rtes\u00edtj\u00fck \u00d6nt err\u0151l. \u00d6n azonban elfogadja, hogy nem vagyunk felel\u0151sek semmilyen vesztes\u00e9g\u00e9rt vagy k\u00e1r\u00e9rt, amelyet \u00d6n vagy b\u00e1rmely m\u00e1s harmadik f\u00e9l elszenvedhet abban az esetben, ha a Regenagri platformhoz val\u00f3 hozz\u00e1f\u00e9r\u00e9st<sup>\u00ae<\/sup> A Platform b\u00e1rmilyen okb\u00f3l megszakad vagy el\u00e9rhetetlenn\u00e9 v\u00e1lik, bele\u00e9rtve, de nem kiz\u00e1r\u00f3lagosan, a sz\u00e1m\u00edt\u00f3g\u00e9p meghib\u00e1sod\u00e1s\u00e1b\u00f3l, friss\u00edt\u00e9sekb\u0151l vagy megel\u0151z\u0151 vagy jav\u00edt\u00f3 tev\u00e9kenys\u00e9gekb\u0151l ad\u00f3d\u00f3 le\u00e1ll\u00e1si id\u0151t. Ez\u00faton k\u00e9rj\u00fck, hogy figyelmesen olvassa el a jelen \u00c1SZF-et, mivel az fontos inform\u00e1ci\u00f3kat tartalmaz a szolg\u00e1ltat\u00e1ssal, valamint az adatv\u00e9delemmel, a szellemi tulajdonnal \u00e9s a titoktart\u00e1ssal kapcsolatban.<\/p>\n\n\n\n<p>3.&nbsp;<strong>Szolg\u00e1ltat\u00e1si szint:&nbsp;<\/strong>B\u00e1r nem tudjuk garant\u00e1lni a Regenagri folyamatos \u00e9s megszak\u00edt\u00e1s n\u00e9lk\u00fcli el\u00e9rhet\u0151s\u00e9g\u00e9t.<sup>\u00ae<\/sup> Platform, szavatoljuk, hogy minden t\u0151l\u00fcnk telhet\u0151t megtesz\u00fcnk annak \u00e9rdek\u00e9ben, hogy a Regenagri<sup>\u00ae<\/sup> Platform vagy a hozz\u00e1f\u00e9r\u00e9s minim\u00e1lisra cs\u00f6kkentett legyen. A T\u00e1rsas\u00e1g a jelen \u00c1SZF-ben meghat\u00e1rozott szolg\u00e1ltat\u00e1si szintet (\u201cSzolg\u00e1ltat\u00e1si szint\u201d) biztos\u00edtja. Abban az esetben, ha megszak\u00edt\u00e1st \u00e9szlel\u00fcnk a Regenagri<sup>\u00ae<\/sup> Platform, b\u00e1rmilyen okb\u00f3l, a lehet\u0151 leghamarabb \u00e9rtes\u00edtj\u00fck \u00d6nt err\u0151l elektronikus lev\u00e9lben vagy telefonon. Ebb\u0151l a c\u00e9lb\u00f3l \u00d6n beleegyezik abba, hogy azonnal \u00e9rtes\u00edtsen minket abban az esetben, ha a Regenagri<sup>\u00ae<\/sup> Platform. \u00d6n elfogadja \u00e9s tudom\u00e1sul veszi, hogy az \u00d6n k\u00e9sedelme vagy elmulaszt\u00e1sa a mi azonnali figyelm\u00fcnkbe val\u00f3 bejelen\u00edt\u00e9s\u00e9ben v\u00e9gs\u0151 soron k\u00e9sleltetheti a Regenagri<sup>\u00ae<\/sup> Platform \u00e9s az \u00d6n hozz\u00e1f\u00e9r\u00e9se, amely\u00e9rt nem vagyunk felel\u0151sek.<\/p>\n\n\n\n<p>4.&nbsp;<strong>A HASZN\u00c1L\u00d3 k\u00f6telezetts\u00e9gei:<\/strong>&nbsp;Betartja a Regenagri ter\u00fclet\u00e9re val\u00f3 bel\u00e9p\u00e9sre \u00e9s annak haszn\u00e1lat\u00e1ra vonatkoz\u00f3 \u00f6sszes utas\u00edt\u00e1st.<sup>\u00ae<\/sup> Platform, amelyet a T\u00e1rsas\u00e1g a jelen \u00c1SZF-nek megfelel\u0151en kiadhat vagy utas\u00edthat. Tov\u00e1bb\u00e1 a HASZN\u00c1L\u00d3 tudom\u00e1sul veszi \u00e9s v\u00e1llalja a k\u00f6vetkez\u0151ket (adott esetben):<\/p>\n\n\n\n<p>4.1. Garant\u00e1lja, hogy a T\u00e1rsas\u00e1gnak \u00e1tadott vagy tov\u00e1bb\u00edtott valamennyi anyag, adat vagy inform\u00e1ci\u00f3 nem s\u00e9rti a szerz\u0151i jogokat vagy b\u00e1rmely szellemi tulajdonjogot vagy tulajdonjogot, \u00e9s garant\u00e1lja azok pontoss\u00e1g\u00e1t (adott esetben). Ezen t\u00falmen\u0151en a HASZN\u00c1L\u00d3 elfogadja \u00e9s tudom\u00e1sul veszi, hogy a V\u00e1llalat nem k\u00f6teles biztos\u00edtani, hogy a HASZN\u00c1L\u00d3 az ilyen anyagok, adatok vagy inform\u00e1ci\u00f3k \u00e1tad\u00e1s\u00e1val nem s\u00e9rti a szerz\u0151i jogot vagy b\u00e1rmely m\u00e1s szellemi tulajdonjogot vagy tulajdonjogot. Ennek megfelel\u0151en a V\u00e1llalat nem tehet\u0151 felel\u0151ss\u00e9 vagy felel\u0151ss\u00e9 ezek\u00e9rt.<\/p>\n\n\n\n<p>4.2. A HASZN\u00c1L\u00d3 elfogadja \u00e9s tudom\u00e1sul veszi, hogy a V\u00e1llalat nem k\u00f6teles fel\u00fcgyelni, ellen\u0151rizni, szerkeszteni vagy ellen\u0151rizni a Regenagri weboldalon kereszt\u00fcl tov\u00e1bb\u00edtott vagy t\u00e1rolt inform\u00e1ci\u00f3k vagy adatok tartalm\u00e1t \u00e9s form\u00e1j\u00e1t.<sup>\u00ae<\/sup> Platformon, \u00e9s ennek megfelel\u0151en a T\u00e1rsas\u00e1g semmilyen m\u00f3don nem tehet\u0151 felel\u0151ss\u00e9 vagy felel\u0151ss\u00e9 az ilyen tartalmak\u00e9rt vagy inform\u00e1ci\u00f3k\u00e9rt.<\/p>\n\n\n\n<p>4.3. A T\u00e1rsas\u00e1g kiz\u00e1r minden felel\u0151ss\u00e9get a Regenagri Platform haszn\u00e1lata sor\u00e1n vagy annak haszn\u00e1lat\u00e1val el\u00e9rhet\u0151v\u00e9 tett olyan tartalmak\u00e9rt vagy inform\u00e1ci\u00f3k\u00e9rt, amelyeket a HASZN\u00c1L\u00d3 vagy b\u00e1rmely m\u00e1s szem\u00e9ly vagy szem\u00e9lyek s\u00e9rt\u0151nek, felh\u00e1bor\u00edt\u00f3nak, r\u00e1galmaz\u00f3nak, illeg\u00e1lisnak vagy \u00e1ltal\u00e1ban a k\u00f6zerk\u00f6lcsbe \u00fctk\u00f6z\u0151nek tal\u00e1lnak.<\/p>\n\n\n\n<p>4.4. A HASZN\u00c1L\u00d3 garant\u00e1lja, hogy nem haszn\u00e1lja, nem k\u00eds\u00e9rli meg haszn\u00e1lni, \u00e9s nem seg\u00edti m\u00e1s szem\u00e9lyt vagy szem\u00e9lyeket a Regenagri<sup>\u00ae<\/sup> Platform b\u00e1rmilyen jogellenes vagy t\u00f6rv\u00e9nytelen c\u00e9lra, amelyet a jelen \u00c1SZF tilt. Ez mag\u00e1ban foglalja, de nem korl\u00e1toz\u00f3dik a k\u00f6zz\u00e9t\u00e9tel, tov\u00e1bb\u00edt\u00e1s, terjeszt\u00e9s vagy m\u00e1s m\u00f3don t\u00f6rt\u00e9n\u0151 felt\u00f6lt\u00e9s cselekm\u00e9ny\u00e9re:<\/p>\n\n\n\n<p>(i) zaklat\u00f3, becs\u00fclets\u00e9rt\u0151, k\u00e1rokoz\u00f3, s\u00e9rt\u0151, fenyeget\u0151 vagy obszc\u00e9n anyagok vagy k\u00f6zl\u00e9sek, olyan anyagok, amelyek harmadik f\u00e9l szellemi tulajdonjogait s\u00e9rtik vagy s\u00e9rtik, vagy amelyek b\u0171ncselekm\u00e9nyt val\u00f3s\u00edtanak meg, polg\u00e1ri jogi felel\u0151ss\u00e9gre von\u00e1st eredm\u00e9nyeznek, vagy s\u00e9rtik az alkalmazand\u00f3 t\u00f6rv\u00e9nyeket vagy rendeleteket, vagy amelyek m\u00e1s m\u00f3don kifog\u00e1solhat\u00f3ak, mint p\u00e9ld\u00e1ul a bigott, rasszista, gy\u0171l\u00f6letkelt\u0151 vagy illeg\u00e1lis tev\u00e9kenys\u00e9geket, k\u00e1rokat vagy s\u00e9relmeket el\u0151seg\u00edt\u0151 tartalmak.<\/p>\n\n\n\n<p>(ii) v\u00edrusok, tr\u00f3jai falovak, f\u00e9rgek, id\u0151z\u00edtett bomb\u00e1k, t\u00f6rl\u0151robotok vagy m\u00e1s k\u00e1ros, zavar\u00f3 vagy t\u00f6rl\u0151 f\u00e1jlok vagy programok.<\/p>\n\n\n\n<p>(iii) Multi-level marketing \u00fczenetek vagy aj\u00e1nlatok.<\/p>\n\n\n\n<p>4.5. A HASZN\u00c1L\u00d3 garant\u00e1lja tov\u00e1bb\u00e1:<\/p>\n\n\n\n<p>(i) Nem zavarja vagy zavarja m\u00e1s szem\u00e9lyt a Regenagri haszn\u00e1lat\u00e1ban vagy \u00e9lvezet\u00e9ben.<sup>\u00ae<\/sup> Platform;<\/p>\n\n\n\n<p>(ii) Nem k\u00fcldhet k\u00e9retlen e-maileket t\u00f6megesen.<\/p>\n\n\n\n<p>(iii) Nem hoz l\u00e9tre hamis szem\u00e9lyazonoss\u00e1got, nem haszn\u00e1l hamis e-mail c\u00edmet, \u00e9s nem ad hamis vagy csal\u00e1rd inform\u00e1ci\u00f3kat mag\u00e1r\u00f3l a T\u00e1rsas\u00e1g vagy b\u00e1rmely szem\u00e9ly vagy szem\u00e9lyek \u00e9s\/vagy harmadik felek f\u00e9l szem\u00e9lyazonoss\u00e1g\u00e1t illet\u0151en t\u00f6rt\u00e9n\u0151 f\u00e9lrevezet\u00e9se c\u00e9lj\u00e1b\u00f3l.<\/p>\n\n\n\n<p>(iv) Nem k\u00eds\u00e9rli meg, hogy jogosulatlanul hozz\u00e1f\u00e9rjen a T\u00e1rsas\u00e1g szervereihez, bele\u00e9rtve, de nem kiz\u00e1r\u00f3lagosan a dedik\u00e1lt szerver hostingot, valamint a Regenagri-t.<sup>\u00ae<\/sup> Platform.<\/p>\n\n\n\n<p>(v) Nem tesz k\u00f6zz\u00e9, nem tov\u00e1bb\u00edt, nem terjeszt, nem t\u00f6lt fel (a tov\u00e1bbiakban: \u201cel\u00e9rhet\u0151v\u00e9 tesz\u201d) semmilyen olyan tartalmat \u00e9s\/vagy inform\u00e1ci\u00f3t, bele\u00e9rtve, de nem kiz\u00e1r\u00f3lagosan adatokat, sz\u00f6veget, f\u00e9nyk\u00e9peket, grafik\u00e1kat, log\u00f3kat, \u00fczeneteket, vide\u00f3t, h\u00edreket, zen\u00e9t, hangot vagy egy\u00e9b anyagokat, amelyek hozz\u00e1f\u00e9rhet\u0151v\u00e9 t\u00e9tel\u00e9re az alkalmazand\u00f3 jogszab\u00e1lyok vagy szerz\u0151d\u00e9ses vagy bizalmi viszony alapj\u00e1n nem rendelkezik joggal; \u00e9s<\/p>\n\n\n\n<p>(vi) Betartani minden olyan t\u00f6rv\u00e9nyt \u00e9s rendeletet, amely az ilyen tartalmak \u00e9s\/vagy inform\u00e1ci\u00f3k tov\u00e1bb\u00edt\u00e1s\u00e1ra, felhaszn\u00e1l\u00e1s\u00e1ra, v\u00e9delm\u00e9re \u00e9s adatv\u00e9delm\u00e9re vonatkozik.<\/p>\n\n\n\n<p>4.6. A Felek meg\u00e1llapodnak \u00e9s tudom\u00e1sul veszik, hogy (adott esetben) nem hozhatnak nyilv\u00e1noss\u00e1gra bizonyos inform\u00e1ci\u00f3kat, anyag(ok)at vagy adatokat, amelyek \u00e9rz\u00e9kenynek\/privil\u00e9giumnak\/bizalmasnak\/\u00fczleti titoknak min\u0151s\u00fclnek (\u201ctiltott inform\u00e1ci\u00f3k\u201d). A Felek biztos\u00edtj\u00e1k, hogy alkalmazottaik, tisztvisel\u0151ik, igazgat\u00f3ik, \u00fcgyn\u00f6keik, alkalmazottaik, alv\u00e1llalkoz\u00f3ik \u00e9s\/vagy b\u00e1rmely m\u00e1s, \u00e1ltaluk felhatalmazott szem\u00e9ly el\u0151zetes \u00edr\u00e1sbeli hozz\u00e1j\u00e1rul\u00e1s n\u00e9lk\u00fcl ne hozz\u00e1k nyilv\u00e1noss\u00e1gra vagy ne hozz\u00e1k nyilv\u00e1noss\u00e1gra a tiltott inform\u00e1ci\u00f3kat. A Felek tov\u00e1bb\u00e1 olyan titoktart\u00e1si k\u00f6telezetts\u00e9geket \u00edrnak el\u0151 sz\u00e1mukra, \u00e9s gondoskodnak azok betart\u00e1s\u00e1r\u00f3l, amelyek l\u00e9nyeg\u00e9ben megegyeznek az e meg\u00e1llapod\u00e1sban foglaltakkal.  A Felek tudom\u00e1sul veszik \u00e9s meg\u00e1llapodnak abban, hogy a tiltott inform\u00e1ci\u00f3kat r\u00e9szben vagy eg\u00e9szben megtestes\u00edt\u0151 r\u00e9szeket, szolg\u00e1ltat\u00e1sokat, dokumentumokat (ha vannak ilyenek) vagy inform\u00e1ci\u00f3kat nem szabad \u00e9rt\u00e9kes\u00edteni, licencelni, fejleszteni vagy m\u00e1s m\u00f3don hasznos\u00edtani, kiv\u00e9ve, ha a felek \u00edr\u00e1sban ellenkez\u0151 \u00e9rtelm\u0171 beleegyez\u00e9s\u00fcket adt\u00e1k.<\/p>\n\n\n\n<p>4.7. A Felhaszn\u00e1l\u00f3 elfogadja \u00e9s tudom\u00e1sul veszi, hogy a T\u00e1rsas\u00e1g fenntartja mag\u00e1nak a jogot \u00e9s a kiz\u00e1r\u00f3lagos m\u00e9rlegel\u00e9si jogk\u00f6rt, hogy szerkesszen, t\u00f6r\u00f6lj\u00f6n \u00e9s elt\u00e1vol\u00edtson minden olyan tartalmat vagy inform\u00e1ci\u00f3t, amely \u00fagy t\u0171nik, hogy s\u00e9rti az \u00c1SZF b\u00e1rmelyik\u00e9t. Ilyen helyzetben (egy\u00e9b jogaink \u00e9s jogorvoslati lehet\u0151s\u00e9geink s\u00e9relme n\u00e9lk\u00fcl, ak\u00e1r jogi, ak\u00e1r egy\u00e9b m\u00f3don) a T\u00e1rsas\u00e1g fenntartja a jogot arra is, hogy azonnal korl\u00e1tozza, felf\u00fcggessze vagy megsz\u00fcntesse az \u00d6n hozz\u00e1f\u00e9r\u00e9s\u00e9t a Regenagri<sup>\u00ae<\/sup> Platform, amennyiben a T\u00e1rsas\u00e1g \u00fagy \u00edt\u00e9li meg, hogy a HASZN\u00c1L\u00d3 felel\u0151s ugyanez\u00e9rt.<\/p>\n\n\n\n<p>4.8. Mindk\u00e9t F\u00e9l kiz\u00e1r\u00f3lagosan felel\u0151s inform\u00e1ci\u00f3inak, adatainak \u00e9s anyagainak biztons\u00e1g\u00e1\u00e9rt a jogosulatlan beavatkoz\u00e1s, hozz\u00e1f\u00e9r\u00e9s, v\u00edrusok \u00e9s k\u00e1ros cselekm\u00e9nyek minden form\u00e1j\u00e1t\u00f3l.<\/p>\n\n\n\n<p>4.9. A HASZN\u00c1L\u00d3 tudom\u00e1sul veszi, hogy amennyiben \u00e9s amennyire ellenkez\u0151leg nem rendelkezik, a T\u00e1rsas\u00e1g marad a Regenagri<sup>\u00ae<\/sup> Platform (bele\u00e9rtve annak sz\u00e1rmaz\u00e9kait is) \u00e9s a Regenagri<sup>\u00ae<\/sup> Platform.<\/p>\n\n\n\n<p>4.10. A HASZN\u00c1L\u00d3 sz\u00e1m\u00e1ra tilos a k\u00f6vetkez\u0151k b\u00e1rmelyik\u00e9t megtenni:<\/p>\n\n\n\n<p>(a) m\u00e1solni, m\u00f3dos\u00edtani, sokszoros\u00edtani, sz\u00e1rmaz\u00e9kos m\u0171veket l\u00e9trehozni, keretbe foglalni, t\u00fckr\u00f6zni, \u00fajra k\u00f6zz\u00e9tenni, let\u00f6lteni, tov\u00e1bb\u00edtani vagy terjeszteni a Regenagri teljes vagy b\u00e1rmely r\u00e9sz\u00e9t.<sup>\u00ae<\/sup> Platform \u00e9s\/vagy dokument\u00e1ci\u00f3 (adott esetben) b\u00e1rmilyen form\u00e1ban, m\u00e9diumon vagy b\u00e1rmilyen m\u00f3don, bele\u00e9rtve, de nem kiz\u00e1r\u00f3lagosan a weboldal elrendez\u00e9s\u00e9ben, eszt\u00e9tikai kialak\u00edt\u00e1s\u00e1ban \u00e9s \u201cmegjelen\u00e9s\u00e9ben\" fenn\u00e1ll\u00f3 szellemi tulajdonjogokat, bele\u00e9rtve, de nem kiz\u00e1r\u00f3lagosan minden multim\u00e9di\u00e1s, audiovizu\u00e1lis anyagot, grafik\u00e1t \u00e9s k\u00e9pet, minden dokument\u00e1ci\u00f3t, folyamat\u00e1br\u00e1t, rajzot, specifik\u00e1ci\u00f3t, egyedi terveket, k\u00e9zik\u00f6nyveket \u00e9s egy\u00e9b adatokat.<\/p>\n\n\n\n<p>(b) a Regenagri eg\u00e9sz\u00e9nek vagy b\u00e1rmely r\u00e9sz\u00e9nek visszaford\u00edt\u00e1sa, sz\u00e9tszerel\u00e9se, visszafejt\u00e9se vagy m\u00e1s m\u00f3don ember \u00e1ltal felfoghat\u00f3 form\u00e1ra t\u00f6rt\u00e9n\u0151 reduk\u00e1l\u00e1sa.<sup>\u00ae<\/sup> Platform;<\/p>\n\n\n\n<p>(c) Haszn\u00e1lja a Regenagri<sup>\u00ae<\/sup> Platform \u00e9s\/vagy dokument\u00e1ci\u00f3 vagy adatok harmadik felek sz\u00e1m\u00e1ra t\u00f6rt\u00e9n\u0151 szolg\u00e1ltat\u00e1sny\u00fajt\u00e1s c\u00e9lj\u00e1b\u00f3l;<\/p>\n\n\n\n<p>(d) licencelni, eladni, b\u00e9rbe adni, l\u00edzingelni, \u00e1truh\u00e1zni, \u00e1truh\u00e1zni, \u00e1truh\u00e1zni, terjeszteni, megjelen\u00edteni, nyilv\u00e1noss\u00e1gra hozni vagy m\u00e1s m\u00f3don kereskedelmi c\u00e9lokra hasznos\u00edtani, vagy m\u00e1s m\u00f3don a Regenagri<sup>\u00ae<\/sup> Platform \u00e9s\/vagy dokument\u00e1ci\u00f3 \u00e9s\/vagy adatok b\u00e1rmely harmadik f\u00e9l sz\u00e1m\u00e1ra t\u00f6rt\u00e9n\u0151 hozz\u00e1f\u00e9rhet\u0151v\u00e9 t\u00e9tele, kiv\u00e9ve a V\u00e1llalat felhatalmazott \u00edr\u00e1sbeli j\u00f3v\u00e1hagy\u00e1s\u00e1val;<\/p>\n\n\n\n<p>(e) Megk\u00eds\u00e9rel hozz\u00e1f\u00e9r\u00e9st szerezni a Regenagrihoz, vagy harmadik f\u00e9lnek seg\u00edts\u00e9get ny\u00fajtani a hozz\u00e1f\u00e9r\u00e9s megszerz\u00e9s\u00e9ben.<sup>\u00ae<\/sup> Platform \u00e9s\/vagy dokument\u00e1ci\u00f3 \u00e9s\/vagy adatok, kiv\u00e9ve a jelen \u00c1SZF-ben foglaltakat.<\/p>\n\n\n\n<p>4.11. A HASZN\u00c1L\u00d3 k\u00f6teles minden \u00e9sszer\u0171 er\u0151fesz\u00edt\u00e9st megtenni annak \u00e9rdek\u00e9ben, hogy megakad\u00e1lyozza a Regenagrihoz val\u00f3 illet\u00e9ktelen hozz\u00e1f\u00e9r\u00e9st vagy a Regenagri<sup>\u00ae<\/sup> Platform \u00e9s\/vagy a dokument\u00e1ci\u00f3 \u00e9s\/vagy az adatok, \u00e9s ilyen enged\u00e9lyezett hozz\u00e1f\u00e9r\u00e9s vagy haszn\u00e1lat eset\u00e9n halad\u00e9ktalanul \u00e9rtes\u00edteni kell a V\u00e1llalatot.<\/p>\n\n\n\n<p>4.12. Az itt biztos\u00edtott jogok kiz\u00e1r\u00f3lag az USER sz\u00e1m\u00e1ra biztos\u00edtottak, \u00e9s nem tekinthet\u0151k az USER b\u00e1rmely le\u00e1nyv\u00e1llalat\u00e1nak, t\u00e1rsult v\u00e1llalat\u00e1nak, kapcsolt v\u00e1llalkoz\u00e1s\u00e1nak vagy holdingt\u00e1rsas\u00e1g\u00e1nak biztos\u00edtottnak.<\/p>\n\n\n\n<p>4.13. A HASZN\u00c1L\u00d3 k\u00f6teles felmenteni \u00e9s k\u00e1rtalan\u00edtani a V\u00e1llalatot, alkalmazottainkat, tisztvisel\u0151inket, igazgat\u00f3inkat, \u00fcgyn\u00f6keinket, alkalmazottainkat, alv\u00e1llalkoz\u00f3inkat \u00e9s a V\u00e1llalat \u00e1ltal felhatalmazott b\u00e1rmely m\u00e1s szem\u00e9lyt minden olyan k\u00f6vetel\u00e9s, kereset \u00e9s k\u00f6vetel\u00e9s (bele\u00e9rtve a v\u00e9dekez\u00e9s vagy rendez\u00e9s k\u00f6lts\u00e9geit) al\u00f3l, amely a regenagri haszn\u00e1lat\u00e1b\u00f3l ered\u0151en ellen\u00fcnk indulhat.<sup>\u00ae<\/sup> Platform, a HASZN\u00c1L\u00d3 cselekedeteinek, mulaszt\u00e1sainak vagy gondatlans\u00e1g\u00e1nak eredm\u00e9nyek\u00e9nt az \u00d6n alkalmazottai, tisztvisel\u0151i, igazgat\u00f3i, \u00fcgyn\u00f6kei, megb\u00edzottai, alkalmazottai, alv\u00e1llalkoz\u00f3i \u00e9s b\u00e1rmely m\u00e1s, a HASZN\u00c1L\u00d3 \u00e1ltal felhatalmazott szem\u00e9ly, ha van ilyen, vagy b\u00e1rmely m\u00e1s szem\u00e9ly, akinek cselekedetei\u00e9rt vagy mulaszt\u00e1sai\u00e9rt \u00d6n k\u00f6zvetett felel\u0151ss\u00e9ggel tartozik.<\/p>\n\n\n\n<p>4.14. A Regenagrihoz val\u00f3 hozz\u00e1f\u00e9r\u00e9s biztos\u00edt\u00e1sa<sup>\u00ae<\/sup> A Platform nem \u00e9rtelmezhet\u0151 \u00fagy, hogy b\u00e1rmely szabadalom, szabadalmi bejelent\u00e9s, szerz\u0151i jog, szerz\u0151i jogi bejegyz\u00e9s, v\u00e9djegyjog, \u00fczleti titok vagy m\u00e1s tulajdonjog alapj\u00e1n b\u00e1rmely szem\u00e9ly vagy szervezet sz\u00e1m\u00e1ra enged\u00e9lyt ad, vagy hogy az a kifejezetten itt meghat\u00e1rozottakon k\u00edv\u00fcl b\u00e1rmilyen m\u00e1s k\u00f6telezetts\u00e9get jelent.<\/p>\n\n\n\n<p>4.15. A T\u00e1rsas\u00e1g az al\u00e1bbiak biztos\u00edt\u00e1sa sor\u00e1n<sup>\u00ae<\/sup> a Platform megfelel az adatv\u00e9delmi \u00e9s biztons\u00e1gi szab\u00e1lyzat\u00e1nak, amelyet id\u0151r\u0151l id\u0151re k\u00f6z\u00f6l a HASZN\u00c1L\u00d3val, \u00e9s amelyet a V\u00e1llalat saj\u00e1t bel\u00e1t\u00e1sa szerint id\u0151r\u0151l id\u0151re m\u00f3dos\u00edthat.<\/p>\n\n\n\n<p>4.16 Amikor a T\u00e1rsas\u00e1g a Regenagri szolg\u00e1ltat\u00e1s\u00e1val kapcsolatban szem\u00e9lyes adatokat dolgoz fel<sup>\u00ae<\/sup> Platformon a Felek r\u00f6gz\u00edtik azon sz\u00e1nd\u00e9kukat, hogy a Felhaszn\u00e1l\u00f3 az adatkezel\u0151, a T\u00e1rsas\u00e1g pedig az adatfeldolgoz\u00f3.<\/p>\n\n\n\n<p>4.17. A felek betartj\u00e1k a III. mell\u00e9kletben (Adatv\u00e9delmi k\u00f6telezetts\u00e9gek) meghat\u00e1rozott k\u00f6telezetts\u00e9geiket.<\/p>\n\n\n\n<p>4.18. Ilyen esetben<\/p>\n\n\n\n<p>(a) Mindk\u00e9t F\u00e9l teljes\u00edti az adatkezel\u0151k\u00e9nt vagy adatfeldolgoz\u00f3k\u00e9nt fenn\u00e1ll\u00f3 k\u00f6telezetts\u00e9g\u00e9t.<\/p>\n\n\n\n<p>(b) A HASZN\u00c1L\u00d3 tudom\u00e1sul veszi \u00e9s elfogadja, hogy a szem\u00e9lyes adatok a T\u00e1rsas\u00e1g sz\u00e9khelye szerinti joghat\u00f3s\u00e1gon k\u00edv\u00fclre is tov\u00e1bb\u00edthat\u00f3k vagy t\u00e1rolhat\u00f3k annak \u00e9rdek\u00e9ben, hogy a T\u00e1rsas\u00e1g teljes\u00edtse a jelen \u00c1SZF szerinti k\u00f6telezetts\u00e9g\u00e9t;<\/p>\n\n\n\n<p>I Hogy a szem\u00e9lyes adatok feldolgoz\u00e1sa, bele\u00e9rtve mag\u00e1t az adattov\u00e1bb\u00edt\u00e1st is, az alkalmazand\u00f3 adatv\u00e9delmi t\u00f6rv\u00e9ny vonatkoz\u00f3 rendelkez\u00e9seivel \u00f6sszhangban t\u00f6rt\u00e9nt \u00e9s fog t\u00f6rt\u00e9nni.<\/p>\n\n\n\n<p>(d) hogy az alkalmazand\u00f3 adatv\u00e9delmi jogszab\u00e1lyok k\u00f6vetelm\u00e9nyeinek \u00e9rt\u00e9kel\u00e9s\u00e9t k\u00f6vet\u0151en a biztons\u00e1gi int\u00e9zked\u00e9sek megfelel\u0151ek a szem\u00e9lyes adatok v\u00e9letlen vagy jogellenes megsemmis\u00edt\u00e9s, v\u00e9letlen elveszt\u00e9s, megv\u00e1ltoztat\u00e1s, jogosulatlan nyilv\u00e1noss\u00e1gra hozatal vagy hozz\u00e1f\u00e9r\u00e9s elleni v\u00e9delm\u00e9re - k\u00fcl\u00f6n\u00f6sen, ha az adatkezel\u00e9s az adatok h\u00e1l\u00f3zaton kereszt\u00fcl t\u00f6rt\u00e9n\u0151 tov\u00e1bb\u00edt\u00e1s\u00e1val j\u00e1r -, valamint az adatkezel\u00e9s minden m\u00e1s jogellenes form\u00e1ja ellen, \u00e9s hogy ezek az int\u00e9zked\u00e9sek a technol\u00f3gia \u00e1ll\u00e1sa \u00e9s a megval\u00f3s\u00edt\u00e1s k\u00f6lts\u00e9gei figyelembev\u00e9tel\u00e9vel az adatkezel\u00e9s \u00e1ltal jelentett kock\u00e1zatoknak \u00e9s a v\u00e9dend\u0151 adatok jelleg\u00e9nek megfelel\u0151 biztons\u00e1gi szintet biztos\u00edtanak.<\/p>\n\n\n\n<p>I A HASZN\u00c1L\u00d3 biztos\u00edtja, hogy a HASZN\u00c1L\u00d3 jogosult a vonatkoz\u00f3 szem\u00e9lyes adatoknak a V\u00e1llalat r\u00e9sz\u00e9re t\u00f6rt\u00e9n\u0151 tov\u00e1bb\u00edt\u00e1s\u00e1ra, hogy a V\u00e1llalat a szem\u00e9lyes adatokat jogszer\u0171en haszn\u00e1lhassa, feldolgozhassa \u00e9s tov\u00e1bb\u00edthassa k\u00f6telezetts\u00e9geinek megfelel\u0151en, a jelen \u00c1SZF-nek megfelel\u0151en. Amennyiben az adatv\u00e9delmi t\u00f6rv\u00e9ny \u00e9rtelm\u00e9ben az USER kapcsolt v\u00e1llalkoz\u00e1sa az USER egyes szem\u00e9lyes adatai tekintet\u00e9ben (ak\u00e1r egy\u00fcttesen, ak\u00e1r k\u00fcl\u00f6n-k\u00fcl\u00f6n) adatkezel\u0151nek min\u0151s\u00fcl, az USER kijelenti \u00e9s szavatolja a T\u00e1rsas\u00e1g fel\u00e9, hogy az USER (i) jogosult utas\u00edt\u00e1sokat adni a T\u00e1rsas\u00e1gnak, \u00e9s egy\u00e9bk\u00e9nt az ilyen USER kapcsolt v\u00e1llalkoz\u00e1sa nev\u00e9ben elj\u00e1rni az ilyen USER szem\u00e9lyes adatokkal kapcsolatban a jelen \u00c1SZF-ben le\u00edrtak szerint (ii) az USER kapcsolt v\u00e1llalkoz\u00e1sa sz\u00e1m\u00e1ra k\u00f6telez\u0151v\u00e9 teszi a jelen \u00c1SZF-et.<\/p>\n\n\n\n<p>(f) A HASZN\u00c1L\u00d3 biztos\u00edtja, hogy az \u00e9rintett harmadik feleket t\u00e1j\u00e9koztatt\u00e1k az ilyen felhaszn\u00e1l\u00e1sr\u00f3l, feldolgoz\u00e1sr\u00f3l \u00e9s tov\u00e1bb\u00edt\u00e1sr\u00f3l, \u00e9s az \u00f6sszes alkalmazand\u00f3 adatv\u00e9delmi jogszab\u00e1lyban el\u0151\u00edrtak szerint hozz\u00e1j\u00e1rultak ahhoz.<\/p>\n\n\n\n<p>(g) A T\u00e1rsas\u00e1g a szem\u00e9lyes adatokat kiz\u00e1r\u00f3lag a jelen \u00c1SZF-nek megfelel\u0151en kezeli, \u00e9s a HASZN\u00c1L\u00d3 szem\u00e9lyes adatait semmilyen m\u00e1s c\u00e9lb\u00f3l nem kezeli.<\/p>\n\n\n\n<p>(h) Mindk\u00e9t F\u00e9l megfelel\u0151 technikai \u00e9s szervez\u00e9si int\u00e9zked\u00e9seket hoz a szem\u00e9lyes adatok jogosulatlan vagy jogellenes kezel\u00e9se, illetve v\u00e9letlen elveszt\u00e9se, megsemmis\u00fcl\u00e9se vagy k\u00e1rosod\u00e1sa ellen.<\/p>\n\n\n\n<p>5. A Regenagri<sup>\u00ae<\/sup> A platform standard szolg\u00e1ltat\u00e1sai a k\u00f6vetkez\u0151k mindegyik\u00e9t vagy b\u00e1rmelyik\u00e9t tartalmazhatj\u00e1k:<\/p>\n\n\n\n<p>5.1. Mez\u0151gazdas\u00e1gi tev\u00e9kenys\u00e9gekkel kapcsolatos \u00fczleti megold\u00e1sok, adatszolg\u00e1ltat\u00e1sok, tan\u00e1csad\u00e1si \u00e9s ellen\u0151rz\u00e9si szolg\u00e1ltat\u00e1sok.<\/p>\n\n\n\n<p>6. A HASZN\u00c1L\u00d3:<\/p>\n\n\n\n<p>6.1. Betartja a T\u00e1rsas\u00e1g \u00e1ltal adott utas\u00edt\u00e1sokat a haszn\u00e1latr\u00f3l, \u00e9s amikor \u00e9s ahol sz\u00fcks\u00e9ges, elegend\u0151 inform\u00e1ci\u00f3t (a meghat\u00e1rozott form\u00e1ban \u00e9s m\u00f3don) \u00e9s dokumentumokat kell\u0151 id\u0151ben megadni ahhoz, hogy a Regenagri<sup>\u00ae<\/sup> Platform a hat\u00e9kony teljes\u00edtm\u00e9nyhez. A HASZN\u00c1L\u00d3 garant\u00e1lja a V\u00e1llalatnak megadott inform\u00e1ci\u00f3k helyess\u00e9g\u00e9t, teljess\u00e9g\u00e9t \u00e9s megb\u00edzhat\u00f3s\u00e1g\u00e1t;<\/p>\n\n\n\n<p>7. A T\u00e1rsas\u00e1gnak jog\u00e1ban \u00e1ll saj\u00e1t bel\u00e1t\u00e1sa szerint a Regenagri teljes vagy b\u00e1rmely r\u00e9sz\u00e9nek teljes\u00edt\u00e9s\u00e9t \u00e1truh\u00e1zni.<sup>\u00ae<\/sup> Platform b\u00e1rmely \u00fcgyn\u00f6k vagy alv\u00e1llalkoz\u00f3 sz\u00e1m\u00e1ra.<\/p>\n\n\n\n<p>8.&nbsp;<strong>V\u00e1dak:&nbsp;<\/strong>A d\u00edjat a T\u00e1rsas\u00e1g a tag jelentkez\u00e9se alapj\u00e1n k\u00f6zli a taggal, amely a regenagri.org oldalon vagy a k\u00f6vetkez\u0151 c\u00edmen \u00e9rhet\u0151 el <a href=\"mailto:info@regenagri.org\">info@regenagri.org<\/a>.<\/p>\n\n\n\n<p>9.&nbsp;<strong>A hozz\u00e1f\u00e9r\u00e9s megsz\u00fcntet\u00e9se \u00e9s visszavon\u00e1sa:&nbsp;<\/strong>A T\u00e1rsas\u00e1g fenntartja a jogot \u00e9s kiz\u00e1r\u00f3lagos bel\u00e1t\u00e1sa szerint jogosult a Regenagri weboldalhoz val\u00f3 hozz\u00e1f\u00e9r\u00e9s megsz\u00fcntet\u00e9s\u00e9re \u00e9s visszavon\u00e1s\u00e1ra.<sup>\u00ae<\/sup> Platofrm, azonnal \u00edr\u00e1sban, ha:<\/p>\n\n\n\n<p>- A HASZN\u00c1L\u00d3 megszegte a jelen \u00c1SZF b\u00e1rmelyik felt\u00e9tel\u00e9t, \u00e9s az ilyen jogs\u00e9rt\u00e9st nem orvosolt\u00e1k AZONNAL, miut\u00e1n a jogs\u00e9rt\u00e9sr\u0151l a HASZN\u00c1L\u00d3 tudom\u00e1s\u00e1ra hozt\u00e1k; vagy<\/p>\n\n\n\n<p>- A HASZN\u00c1L\u00d3 fizet\u00e9sk\u00e9ptelenn\u00e9 v\u00e1lik, fizet\u00e9sk\u00e9ptelens\u00e9ggel fenyeget, vagy fizet\u00e9sk\u00e9ptelens\u00e9ggel fenyeget, vagy fizet\u00e9sk\u00e9ptelens\u00e9ggel fenyeget; vagy<\/p>\n\n\n\n<p>- A HASZN\u00c1L\u00d3, mivel t\u00e1rsas v\u00e1llalkoz\u00e1sban m\u0171k\u00f6dik, feloszlik, feloszl\u00e1ssal fenyeget\u0151zik, vagy feloszl\u00e1sra sz\u00e1nja el mag\u00e1t, vagy a feloszl\u00e1s vesz\u00e9lye fenyegeti; vagy<\/p>\n\n\n\n<p>- A HASZN\u00c1L\u00d3, mint term\u00e9szetes szem\u00e9ly, meghal;&nbsp;<\/p>\n\n\n\n<p>- A HASZN\u00c1L\u00d3 megsz\u00fcntette, vagy azzal fenyeget, hogy megsz\u00fcnteti a szok\u00e1sos \u00fczletmenetet: vagy&nbsp;<\/p>\n\n\n\n<p>&nbsp; A V\u00e1llalat a HASZN\u00c1L\u00d3 legal\u00e1bb 60 napos el\u0151zetes \u00edr\u00e1sbeli \u00e9rtes\u00edt\u00e9ssel felmondhatja a szerz\u0151d\u00e9st k\u00e9nyszer\u0171s\u00e9gb\u0151l is.&nbsp;<\/p>\n\n\n\n<p>9.1. Ha a FELHASZN\u00c1L\u00d3 a jelen szakasz \u00e9rtelm\u00e9ben felmond\u00e1st kap, a T\u00e1rsas\u00e1g jogosult a Regenagrihoz val\u00f3 hozz\u00e1f\u00e9r\u00e9s megsz\u00fcntet\u00e9s\u00e9n t\u00falmen\u0151en a k\u00f6vetkez\u0151kre is.<sup>\u00ae<\/sup> Platform:<\/p>\n\n\n\n<p>(i) visszatartja a HASZN\u00c1L\u00d3 \u00e1ltal a felmond\u00e1s el\u0151tt befizetett tags\u00e1gi d\u00edjakat;<\/p>\n\n\n\n<p>(ii) A T\u00e1rsas\u00e1g minden tov\u00e1bbi k\u00f6telezetts\u00e9ge al\u00f3l val\u00f3 felment\u00e9se.<\/p>\n\n\n\n<p>(iii) a t\u00f6rv\u00e9ny \u00e1ltal biztos\u00edtott tov\u00e1bbi vagy alternat\u00edv jogorvoslati lehet\u0151s\u00e9gek ig\u00e9nybev\u00e9tele.<\/p>\n\n\n\n<p>9.2. A T\u00e1rsas\u00e1g fenntartja a jogot \u00e9s kiz\u00e1r\u00f3lagos bel\u00e1t\u00e1sa szerint jogosult azonnal \u00e9s \u00e9rtes\u00edt\u00e9s n\u00e9lk\u00fcl megvonni a Regenagrihoz val\u00f3 hozz\u00e1f\u00e9r\u00e9st.<sup>\u00ae<\/sup> Platform ha:<\/p>\n\n\n\n<p>(i) A HASZN\u00c1L\u00d3 nem tartja be a jelen \u00c1SZF b\u00e1rmely rendelkez\u00e9s\u00e9t, bele\u00e9rtve, de nem kiz\u00e1r\u00f3lagosan a tags\u00e1gi d\u00edj megfizet\u00e9s\u00e9t.<\/p>\n\n\n\n<p>(ii) A HASZN\u00c1L\u00d3 felmondja a Meg\u00e1llapod\u00e1st.<\/p>\n\n\n\n<p>(iii) A HASZN\u00c1L\u00d3 vissza\u00e9l a Regenagri rendszerrel vagy vissza\u00e9l vele<sup>\u00ae<\/sup> Platformot, vagy nem teljes\u00edti a Regenagri haszn\u00e1lat\u00e1ra \u00e9s a Regenagrihoz val\u00f3 hozz\u00e1f\u00e9r\u00e9sre vonatkoz\u00f3 k\u00f6telezetts\u00e9geit.<sup>\u00ae<\/sup> Platform a jelen \u00c1SZF-ben meghat\u00e1rozottak szerint.<\/p>\n\n\n\n<p>10.&nbsp;<strong>Felel\u0151ss\u00e9g:<\/strong>&nbsp;A T\u00e1rsas\u00e1g v\u00e1llalja, hogy szolg\u00e1ltat\u00e1sai teljes\u00edt\u00e9se sor\u00e1n kell\u0151 gondoss\u00e1ggal \u00e9s szak\u00e9rtelemmel j\u00e1r el, \u00e9s csak abban az esetben v\u00e1llal felel\u0151ss\u00e9get, ha az ilyen szak\u00e9rtelem \u00e9s szak\u00e9rtelem nem \u00e9rv\u00e9nyes\u00fcl.<\/p>\n\n\n\n<p>10.1. A T\u00e1rsas\u00e1g felel\u0151ss\u00e9ge a szerz\u0151d\u00e9sszeg\u00e9sb\u0151l \u00e9s\/vagy a T\u00e1rsas\u00e1g \u00e1ltal a megfelel\u0151 szak\u00e9rtelem \u00e9s gondoss\u00e1g elmulaszt\u00e1s\u00e1b\u00f3l ered\u0151, b\u00e1rmilyen jelleg\u0171 \u00e9s m\u00f3don felmer\u00fcl\u0151 vesztes\u00e9ggel, k\u00e1rral vagy k\u00f6lts\u00e9ggel kapcsolatos k\u00f6vetel\u00e9sek tekintet\u00e9ben semmilyen k\u00f6r\u00fclm\u00e9nyek k\u00f6z\u00f6tt nem haladhatja meg a felsz\u00e1m\u00edtott vagy felsz\u00e1m\u00edthat\u00f3 \u00e9ves tags\u00e1gi d\u00edjat vagy a T\u00e1rsas\u00e1ggal k\u00f6t\u00f6tt, az ilyen k\u00f6vetel\u00e9seket kiv\u00e1lt\u00f3 konkr\u00e9t szerz\u0151d\u00e9s alapj\u00e1n ig\u00e9nyelt konkr\u00e9t szolg\u00e1ltat\u00e1sok\u00e9rt fizetend\u0151 d\u00edjakat, felt\u00e9ve azonban, hogy a T\u00e1rsas\u00e1g nem v\u00e1llal felel\u0151ss\u00e9get a k\u00f6zvetett vagy k\u00f6vetkezm\u00e9nyes vesztes\u00e9ggel kapcsolatos k\u00f6vetel\u00e9sek tekintet\u00e9ben, bele\u00e9rtve a nyeres\u00e9gkies\u00e9st \u00e9s\/vagy a j\u00f6v\u0151beli \u00fczleti vesztes\u00e9get \u00e9s\/vagy a termel\u00e9skies\u00e9st \u00e9s\/vagy a HASZN\u00c1L\u00d3 \u00e1ltal k\u00f6t\u00f6tt szerz\u0151d\u00e9sek felmond\u00e1s\u00e1t. Amennyiben a fizetend\u0151 d\u00edj vagy d\u00edjak t\u00f6bb szolg\u00e1ltat\u00e1sra vonatkoznak, \u00e9s a k\u00f6vetel\u00e9s e szolg\u00e1ltat\u00e1sok egyik\u00e9vel kapcsolatban mer\u00fcl fel, a d\u00edjat vagy d\u00edjakat e bekezd\u00e9s alkalmaz\u00e1s\u00e1ban az egyes szolg\u00e1ltat\u00e1sok teljes\u00edt\u00e9s\u00e9hez sz\u00fcks\u00e9ges becs\u00fclt id\u0151 alapj\u00e1n kell felosztani.<\/p>\n\n\n\n<p>10.2. A T\u00e1rsas\u00e1g azonban mentes\u00fcl minden felel\u0151ss\u00e9g al\u00f3l a HASZN\u00c1L\u00d3val szemben minden vesztes\u00e9ggel, k\u00e1rral vagy k\u00f6lts\u00e9ggel kapcsolatos k\u00f6vetel\u00e9s tekintet\u00e9ben, kiv\u00e9ve, ha a keresetet a k\u00f6vetel\u00e9s alapj\u00e1ul szolg\u00e1l\u00f3 szolg\u00e1ltat\u00e1s T\u00e1rsas\u00e1g \u00e1ltali teljes\u00edt\u00e9s\u00e9t k\u00f6vet\u0151 hat (6) h\u00f3napon bel\u00fcl, vagy b\u00e1rmely \u00e1ll\u00edt\u00f3lagos nem teljes\u00edt\u00e9s eset\u00e9n a szolg\u00e1ltat\u00e1s teljes\u00edt\u00e9s\u00e9nek befejez\u00e9s\u00e9t\u0151l sz\u00e1m\u00edtott hat (6) h\u00f3napon bel\u00fcl ind\u00edtj\u00e1k meg.<\/p>\n\n\n\n<p>10.3. Amennyiben jogszab\u00e1ly felt\u00e9telhez vagy szavatoss\u00e1ghoz k\u00f6t valamilyen felt\u00e9telt vagy szavatoss\u00e1got, \u00e9s ez a jogszab\u00e1ly elker\u00fcli vagy megtiltja a szerz\u0151d\u00e9s azon rendelkez\u00e9seit, amelyek kiz\u00e1rj\u00e1k vagy m\u00f3dos\u00edtj\u00e1k az ilyen felt\u00e9tel vagy szavatoss\u00e1g alkalmaz\u00e1s\u00e1t vagy gyakorl\u00e1s\u00e1t, illetve az ilyen felt\u00e9tel vagy szavatoss\u00e1g szerinti felel\u0151ss\u00e9get, a felt\u00e9telt vagy szavatoss\u00e1got bele\u00e9rtend\u0151nek kell tekinteni. A T\u00e1rsas\u00e1g felel\u0151ss\u00e9ge azonban az al\u00e1bbiak k\u00f6z\u00fcl egy vagy t\u00f6bb vonatkoz\u00e1s\u00e1ban \u00e1ll fenn:<\/p>\n\n\n\n<p>(a) Ha a jogs\u00e9rt\u00e9s \u00e1rukra vonatkozik:-<\/p>\n\n\n\n<p>(i) a term\u00e9k kicser\u00e9l\u00e9se vagy azzal egyen\u00e9rt\u00e9k\u0171 term\u00e9k sz\u00e1ll\u00edt\u00e1sa<\/p>\n\n\n\n<p>(ii) az ilyen \u00e1ruk jav\u00edt\u00e1sa<\/p>\n\n\n\n<p>(iii) az \u00e1ru kicser\u00e9l\u00e9s\u00e9nek vagy egyen\u00e9rt\u00e9k\u0171 \u00e1ru beszerz\u00e9s\u00e9nek k\u00f6lts\u00e9gei; vagy<\/p>\n\n\n\n<p>(iv) a jav\u00edtott \u00e1ruk kifizet\u00e9se; \u00e9s<\/p>\n\n\n\n<p>(b) ha a jogs\u00e9rt\u00e9s szolg\u00e1ltat\u00e1sokra vonatkozik:-<\/p>\n\n\n\n<p>(i) a szolg\u00e1ltat\u00e1sok \u00fajb\u00f3li ny\u00fajt\u00e1sa; vagy<\/p>\n\n\n\n<p>(ii) a szolg\u00e1ltat\u00e1s \u00fajb\u00f3li ny\u00fajt\u00e1s\u00e1nak k\u00f6lts\u00e9geinek megfizet\u00e9se.<\/p>\n\n\n\n<p>10.4. A T\u00e1rsas\u00e1g nem biztos\u00edt\u00f3 \u00e9s nem kezes, \u00e9s kiz\u00e1r minden felel\u0151ss\u00e9get ilyen min\u0151s\u00e9g\u00e9ben. A vesztes\u00e9g vagy k\u00e1r ellen garanci\u00e1t keres\u0151 HASZN\u00c1L\u00d3nak megfelel\u0151 biztos\u00edt\u00e1st kell k\u00f6tnie.<\/p>\n\n\n\n<p>11. K\u00e1rtalan\u00edt\u00e1s<\/p>\n\n\n\n<p>11.1. A HASZN\u00c1L\u00d3 garant\u00e1lja, mentes\u00edti \u00e9s k\u00e1rtalan\u00edtja a V\u00e1llalatot \u00e9s annak tisztvisel\u0151it, alkalmazottait, \u00fcgyn\u00f6keit vagy alv\u00e1llalkoz\u00f3it minden olyan harmadik f\u00e9l \u00e1ltal t\u00e1masztott k\u00f6vetel\u00e9ssel szemben, amely a Regenagri teljes\u00edt\u00e9s\u00e9vel, \u00e1ll\u00edt\u00f3lagos teljes\u00edt\u00e9s\u00e9vel vagy nem teljes\u00edt\u00e9s\u00e9vel kapcsolatos, b\u00e1rmilyen jelleg\u0171 \u00e9s b\u00e1rmilyen m\u00f3don felmer\u00fcl\u0151 vesztes\u00e9g, k\u00e1r vagy k\u00f6lts\u00e9g miatt mer\u00fcl fel.<sup>\u00ae<\/sup> Platform, amennyiben az ilyen, b\u00e1rmely szolg\u00e1ltat\u00e1ssal kapcsolatos k\u00f6vetel\u00e9sek \u00f6sszess\u00e9ge meghaladja az itt eml\u00edtett korl\u00e1tot.<\/p>\n\n\n\n<p>11.2. A fent meghat\u00e1rozott k\u00e1rt\u00e9r\u00edt\u00e9s nem vonatkozik a k\u00f6vetkez\u0151kre: (i) olyan jogs\u00e9rt\u00e9si ig\u00e9ny, amely abb\u00f3l ered, hogy a T\u00e1rsas\u00e1g a HASZN\u00c1L\u00d3 \u00e1ltal adott, a Regenagri specifik\u00e1ci\u00f3inak megv\u00e1ltoztat\u00e1s\u00e1ra vonatkoz\u00f3 konkr\u00e9t \u00edr\u00e1sbeli utas\u00edt\u00e1soknak megfelel\u0151en j\u00e1r el.<sup>\u00ae<\/sup> Platform, bele\u00e9rtve, de nem kiz\u00e1r\u00f3lagosan, a Regenagri teljes\u00edtm\u00e9ny\u00e9nek m\u00f3dj\u00e1t vagy elj\u00e1r\u00e1sait<sup>\u00ae<\/sup> a Szerz\u0151d\u00e9s platformja, vagy a T\u00e1rsas\u00e1g \u00e1ltal \u00e1ltal\u00e1ban nem haszn\u00e1lt el\u0151\u00edr\u00e1sok alkalmaz\u00e1s\u00e1t ig\u00e9nyli (a m\u00f3dszerekre vagy elj\u00e1r\u00e1sokra korl\u00e1tozva).<\/p>\n\n\n\n<p>11.3. A T\u00e1rsas\u00e1g minden tisztvisel\u0151je, alkalmazottja, megb\u00edzottja vagy alv\u00e1llalkoz\u00f3ja a jelen \u00c1ltal\u00e1nos Felt\u00e9telekben foglalt k\u00e1rt\u00e9r\u00edt\u00e9si korl\u00e1toz\u00e1s \u00e9s k\u00e1rtalan\u00edt\u00e1s el\u0151nyeit \u00e9lvezi, \u00e9s amennyiben az ilyen korl\u00e1toz\u00e1sokra vonatkozik, a T\u00e1rsas\u00e1g \u00e1ltal k\u00f6t\u00f6tt b\u00e1rmely szerz\u0151d\u00e9s nem csak a saj\u00e1t nev\u00e9ben, hanem minden ilyen szem\u00e9ly megb\u00edzottjak\u00e9nt \u00e9s megb\u00edzottjak\u00e9nt is k\u00f6ttetik a fent eml\u00edtettek szerint.<\/p>\n\n\n\n<p>12. A jelen \u00c1SZF b\u00e1rmelyik\u00e9nek m\u00f3dos\u00edt\u00e1sa, kieg\u00e9sz\u00edt\u00e9se vagy az azokr\u00f3l val\u00f3 lemond\u00e1s csak \u00edr\u00e1sban \u00e9s a T\u00e1rsas\u00e1g tisztvisel\u0151je \u00e1ltal al\u00e1\u00edrva l\u00e9phet hat\u00e1lyba.<\/p>\n\n\n\n<p>13. Fogalommeghat\u00e1roz\u00e1sok:<\/p>\n\n\n\n<p>(i) \u201c<strong>Munkanapok<\/strong>\u201d: h\u00e9tf\u0151t\u0151l p\u00e9ntekig, kiv\u00e9ve az Egyes\u00fclt Kir\u00e1lys\u00e1g munkasz\u00fcneti napjait.<\/p>\n\n\n\n<p>(ii) \u201c<strong>Bizalmas inform\u00e1ci\u00f3k\u201d:<\/strong>&nbsp;az egyik F\u00e9l \u00fczleti tev\u00e9kenys\u00e9g\u00e9re, l\u00e9tes\u00edtm\u00e9nyeire, term\u00e9keire, technik\u00e1ira, megold\u00e1saira vagy elj\u00e1r\u00e1saira vonatkoz\u00f3, a F\u00e9l tulajdon\u00e1t k\u00e9pez\u0151 m\u0171szaki, p\u00e9nz\u00fcgyi vagy kereskedelmi inform\u00e1ci\u00f3, amelyet a m\u00e1sik F\u00e9l vagy annak k\u00e9pvisel\u0151i b\u00e1rmilyen form\u00e1ban nyilv\u00e1noss\u00e1gra hoznak vagy az egyik F\u00e9l rendelkez\u00e9s\u00e9re bocs\u00e1tanak (bele\u00e9rtve - korl\u00e1toz\u00e1s n\u00e9lk\u00fcl - az \u00edr\u00e1sbeli vagy sz\u00f3beli k\u00f6zz\u00e9t\u00e9telt, bemutat\u00f3t, mint\u00e1t, sz\u00e1m\u00edt\u00f3g\u00e9pes programot, dokumentumot, diagramot, k\u00e9pletet, funkci\u00f3t vagy rajzot), f\u00fcggetlen\u00fcl att\u00f3l, hogy \u201cBizalmas\u201d megjel\u00f6l\u00e9ssel van-e ell\u00e1tva. A jelen \u00c1SZF tartalma, valamint minden olyan inform\u00e1ci\u00f3, amelyet valamelyik F\u00e9l harmadik f\u00e9l titoktart\u00e1si k\u00f6telezetts\u00e9g mellett bocs\u00e1tott b\u00e1rmelyik F\u00e9l rendelkez\u00e9s\u00e9re, bizalmas inform\u00e1ci\u00f3nak min\u0151s\u00fcl.<\/p>\n\n\n\n<p>(iii) \u201c<strong>Regenagri<\/strong><sup>\u00ae<\/sup><strong> Platform\u201d:<\/strong>&nbsp;a mez\u0151gazdas\u00e1g ter\u00fclet\u00e9n olyan szolg\u00e1ltat\u00e1sokb\u00f3l, eszk\u00f6z\u00f6kb\u0151l, alkalmaz\u00e1sokb\u00f3l, adatokb\u00f3l \u00e9s adatelemz\u00e9sb\u0151l \u00e1ll\u00f3 \u00fczleti megold\u00e1s, amely seg\u00edti a felhaszn\u00e1l\u00f3t \u00e9s a mez\u0151gazdas\u00e1gi \u00fczemeket a mez\u0151gazdas\u00e1gi gyakorlatok \u00e9rt\u00e9kel\u00e9s\u00e9ben \u00e9s jav\u00edt\u00e1s\u00e1ban;<\/p>\n\n\n\n<p>(iv) \u201c<strong>Regenagri\u00ae adatok\u201d:<\/strong>&nbsp;a Regenagri\u00ae \u00e1ltal hozz\u00e1f\u00e9rhet\u0151v\u00e9 tett vagy el\u00e9rhet\u0151v\u00e9 tett b\u00e1rmilyen form\u00e1ban vagy form\u00e1tumban l\u00e9v\u0151 b\u00e1rmely adat \u00e9s inform\u00e1ci\u00f3, bele\u00e9rtve, de nem kiz\u00e1r\u00f3lagosan a rendszer \u00e9s\/vagy a megold\u00e1sok analitikai, feldolgoz\u00e1si \u00e9s\/vagy adatgy\u0171jt\u00e9si k\u00e9pess\u00e9geinek eredm\u00e9nyek\u00e9nt gener\u00e1lt adatokat (ak\u00e1r testreszabott, ak\u00e1r nem).<\/p>\n\n\n\n<p>(v) \u201c<strong>USER<\/strong>\u201d: a rendszerhez val\u00f3 hozz\u00e1f\u00e9r\u00e9sre jogosult \u00e9s bel\u00e9p\u00e9si jogosults\u00e1ggal rendelkez\u0151 szem\u00e9ly.<\/p>\n\n\n\n<p>(vi) \u201c<strong>USER adatok\u201d:<\/strong>&nbsp;a FELHASZN\u00c1L\u00d3 \u00e1ltal a megadott hozz\u00e1f\u00e9r\u00e9ssel kapcsolatban a V\u00e1llalat rendelkez\u00e9s\u00e9re bocs\u00e1tott adatok, bele\u00e9rtve a Szem\u00e9lyes adatokat is.<\/p>\n\n\n\n<p>(vii)\u201c<strong>Szellemi tulajdonjogok\u201d<\/strong>&nbsp;minden szellemi tulajdonjogot jelent, amely a Regenagri-b\u00f3l fenn\u00e1ll, annak r\u00e9sz\u00e9t k\u00e9pezi vagy abb\u00f3l sz\u00e1rmazik<sup>\u00ae<\/sup> Platform, de nem kiz\u00e1r\u00f3lagosan az algoritmusok, API-k, k\u00e9sz\u00fcl\u00e9kek, \u00e1ramk\u00f6ri tervek \u00e9s szerelv\u00e9nyek, koncepci\u00f3k, adatok, adatb\u00e1zisok \u00e9s adatgy\u0171jt\u00e9s, \u00fczleti elemz\u00e9si adatok, tervek, diagramok, dokument\u00e1ci\u00f3k, rajzok, folyamat\u00e1br\u00e1k, k\u00e9pletek, kaput\u00e1bl\u00e1k, \u00f6tletek \u00e9s tal\u00e1lm\u00e1nyok (ak\u00e1r szabadalmaztathat\u00f3ak, ak\u00e1r nem), know-how, anyagok, marketing- \u00e9s fejleszt\u00e9si tervek, v\u00e9djegyek (bele\u00e9rtve a bejegyzett \u00e9s nem bejegyzett v\u00e9djegyeket \u00e9s szolg\u00e1ltat\u00e1si v\u00e9djegyeket, m\u00e1rkaneveket, term\u00e9kneveket), log\u00f3k \u00e9s szlogenek), m\u00f3dszerek, modellek, h\u00e1l\u00f3zati list\u00e1k, h\u00e1l\u00f3zati konfigur\u00e1ci\u00f3k \u00e9s architekt\u00far\u00e1k, fot\u00f3m\u00e1solatok, elj\u00e1r\u00e1sok, folyamatok, protokollok, v\u00e1zlatok, f\u00e9lvezet\u0151 eszk\u00f6z\u00f6k, szoftverk\u00f3d (b\u00e1rmilyen form\u00e1ban, bele\u00e9rtve a forr\u00e1sk\u00f3dot \u00e9s a futtathat\u00f3 vagy t\u00e1rgyk\u00f3dot), specifik\u00e1ci\u00f3k, alprogramok, technik\u00e1k, tesztvektorok, eszk\u00f6z\u00f6k, egys\u00e9ges er\u0151forr\u00e1s-azonos\u00edt\u00f3k, felhaszn\u00e1l\u00f3i fel\u00fcletek, weboldalak, szerz\u0151i m\u0171vek, valamint a technol\u00f3gia \u00e9s szellemi tulajdon egy\u00e9b form\u00e1i, amelyek felhaszn\u00e1lhat\u00f3k vagy hozz\u00e1f\u00e9rhet\u0151v\u00e9 tehet\u0151ek a k\u00f6vetkez\u0151k sz\u00e1m\u00e1ra&nbsp;<strong>USER<\/strong>&nbsp;a T\u00e1rsas\u00e1g \u00e1ltal a Regenagrihoz val\u00f3 hozz\u00e1f\u00e9r\u00e9s biztos\u00edt\u00e1s\u00e1val \u00f6sszef\u00fcgg\u00e9sben<sup>\u00ae<\/sup> Platform.<\/p>\n\n\n\n<p>(viii)\u201c<strong>F\u00e9l vagy felek<\/strong>\u201d a V\u00e1llalatot \u00e9s a HASZN\u00c1L\u00d3T jelenti, egy\u00e9nileg vagy egy\u00fcttesen, ahogy a kontextus megk\u00f6veteli.<\/p>\n\n\n\n<p>14. Tolm\u00e1csol\u00e1s<\/p>\n\n\n\n<p>(a) A szem\u00e9ly mag\u00e1ban foglalja a mag\u00e1nszem\u00e9lyeket, a jogi szem\u00e9lyeket vagy jogi szem\u00e9lyis\u00e9ggel nem rendelkez\u0151 szervezeteket (f\u00fcggetlen\u00fcl att\u00f3l, hogy \u00f6n\u00e1ll\u00f3 jogi szem\u00e9lyis\u00e9ggel rendelkeznek-e vagy sem), valamint az adott szem\u00e9ly t\u00f6rv\u00e9nyes \u00e9s szem\u00e9lyes k\u00e9pvisel\u0151it, jogut\u00f3dait vagy enged\u00e9lyezett megb\u00edzottjait.<\/p>\n\n\n\n<p>(b) Az egyes sz\u00e1mban szerepl\u0151 szavak magukban foglalj\u00e1k a t\u00f6bbes sz\u00e1mot is, \u00e9s ford\u00edtva.<\/p>\n\n\n\n<p>(c) Az egyik nemre val\u00f3 hivatkoz\u00e1s mag\u00e1ban foglalja a m\u00e1sik nemre val\u00f3 hivatkoz\u00e1st is.<\/p>\n\n\n\n<p>(d) A jogszab\u00e1lyra vagy jogszab\u00e1lyi rendelkez\u00e9sre val\u00f3 hivatkoz\u00e1s a mindenkor hat\u00e1lyos jogszab\u00e1lyra val\u00f3 hivatkoz\u00e1s, figyelembe v\u00e9ve annak m\u00f3dos\u00edt\u00e1s\u00e1t, kiterjeszt\u00e9s\u00e9t vagy \u00fajb\u00f3li hat\u00e1lyba l\u00e9ptet\u00e9s\u00e9t, \u00e9s mag\u00e1ban foglalja az annak alapj\u00e1n hozott, mindenkor hat\u00e1lyos al\u00e1rendelt jogszab\u00e1lyokat is.<\/p>\n\n\n\n<p>(e) Az \u00edr\u00e1sos vagy \u00edr\u00e1sbeli hivatkoz\u00e1s mag\u00e1ban foglalja a faxot is.<\/p>\n\n\n\n<p>15. A T\u00e1rsas\u00e1g a Felhaszn\u00e1l\u00f3i adatokat kiz\u00e1r\u00f3lag a Szolg\u00e1ltat\u00e1sok ny\u00fajt\u00e1s\u00e1nak kiz\u00e1r\u00f3lagos c\u00e9lj\u00e1ra haszn\u00e1lhatja fel. A V\u00e1llalat a Felhaszn\u00e1l\u00f3i adatokat \u00f6sszes\u00edtett statisztikak\u00e9nt haszn\u00e1lhatja fel, amelyek nem tartalmaznak szem\u00e9lyazonos\u00edt\u00e1sra alkalmas adatokat vagy olyan inform\u00e1ci\u00f3kat, amelyek azonos\u00edtj\u00e1k vagy \u00e9sszer\u0171en elv\u00e1rhat\u00f3an azonos\u00edthatj\u00e1k a Felhaszn\u00e1l\u00f3t. A Felhaszn\u00e1l\u00f3 nem \u00f6sszes\u00edtett Felhaszn\u00e1l\u00f3i adatait a V\u00e1llalat a Felhaszn\u00e1l\u00f3 \u00edr\u00e1sbeli hozz\u00e1j\u00e1rul\u00e1sa n\u00e9lk\u00fcl nem haszn\u00e1lja fel \u00e9s nem adja \u00e1t harmadik f\u00e9lnek.<\/p>\n\n\n\n<p>16. A felek k\u00f6z\u00f6tt fenn\u00e1ll\u00f3 valamennyi jogvit\u00e1t kiz\u00e1r\u00f3lag Anglia illet\u00e9kes b\u00edr\u00f3s\u00e1ga t\u00e1rgyalja.<\/p>\n\n\n\n<p>17. A T\u00e1rsas\u00e1g \u00e9s a HASZN\u00c1L\u00d3 k\u00f6z\u00f6tti minden meg\u00e1llapod\u00e1sra Anglia \u00e9s Wales t\u00f6rv\u00e9nyei vonatkoznak.<\/p>\n\n\n\n<p>18. A Felek nem k\u00edv\u00e1nj\u00e1k, hogy e meg\u00e1llapod\u00e1s b\u00e1rmely kik\u00f6t\u00e9se - ak\u00e1r szerz\u0151d\u00e9s alapj\u00e1n, ak\u00e1r m\u00e1s m\u00f3don - olyan szem\u00e9ly \u00e1ltal \u00e9rv\u00e9nyes\u00edthet\u0151 legyen, aki nem r\u00e9szes fele a meg\u00e1llapod\u00e1snak.<\/p>\n\n\n\n<p>19. Minden b\u00edr\u00f3s\u00e1gi \u00e9s peren k\u00edv\u00fcli k\u00f6lts\u00e9get, amely a T\u00e1rsas\u00e1gn\u00e1l a sz\u00e1mla nem (id\u0151ben) t\u00f6rt\u00e9n\u0151 kifizet\u00e9se miatt mer\u00fcl fel, a HASZN\u00c1L\u00d3 k\u00f6teles megfizetni. A peren k\u00edv\u00fcli k\u00f6lts\u00e9gek a k\u00f6vetelt \u00f6sszeg legal\u00e1bb 15%-nek tekintend\u0151k.<\/p>\n\n\n\n<p>20.&nbsp;<strong>A felhaszn\u00e1l\u00e1si felt\u00e9telek megs\u00e9rt\u00e9se<\/strong>: a T\u00e1rsas\u00e1g korl\u00e1tozhatja, felf\u00fcggesztheti vagy le\u00e1ll\u00edthatja a Szolg\u00e1ltat\u00e1s ny\u00fajt\u00e1s\u00e1t, ha a HASZN\u00c1L\u00d3 nem tartja be a jelen \u00c1SZF-et, vagy megszegi azt.<\/p>\n\n\n\n<p>21.&nbsp;<strong>Teljes meg\u00e1llapod\u00e1s<\/strong>: A jelen \u00c1SZF fel\u00fcl\u00edr minden, a Felek k\u00f6z\u00f6tt l\u00e9trej\u00f6tt meg\u00e1llapod\u00e1st, megegyez\u00e9st, \u00edg\u00e9retet vagy meg\u00e1llapod\u00e1st, \u00e9s a Felek k\u00f6z\u00f6tti teljes megegyez\u00e9st k\u00e9pezi.<\/p>\n\n\n\n<p>22.&nbsp;<strong>Vari\u00e1ci\u00f3<\/strong>: Saj\u00e1t bel\u00e1t\u00e1sunk szerint m\u00f3dos\u00edthatjuk a jelen \u00c1SZF felt\u00e9teleit \u00e9s rendelkez\u00e9seit. Amennyiben \u00edgy tesz\u00fcnk, a m\u00f3dos\u00edt\u00e1sr\u00f3l \u00edr\u00e1sban \u00e9rtes\u00edtj\u00fck a HASZN\u00c1L\u00d3T.<\/p>","protected":false},"excerpt":{"rendered":"<p>Terms and Conditions \u2014 Regenagri\u00ae Platform Please note that you\/USER are only licensed to [\u2026]<\/p>\n","protected":false},"author":1,"featured_media":0,"parent":0,"menu_order":0,"comment_status":"closed","ping_status":"closed","template":"","meta":{"_acf_changed":false,"footnotes":""},"class_list":["post-78","page","type-page","status-publish","hentry"],"acf":[],"yoast_head":"<!-- This site is optimized with the Yoast SEO plugin v27.4 - https:\/\/yoast.com\/product\/yoast-seo-wordpress\/ -->\n<title>Terms and conditions &#8212; regenagri<\/title>\n<meta name=\"robots\" content=\"index, follow, max-snippet:-1, max-image-preview:large, max-video-preview:-1\" \/>\n<link rel=\"canonical\" href=\"https:\/\/regenagri.org\/hu\/feltetelek-es-kikotesek\/\" \/>\n<meta property=\"og:locale\" content=\"hu_HU\" \/>\n<meta property=\"og:type\" content=\"article\" \/>\n<meta property=\"og:title\" content=\"Terms and conditions &#8212; regenagri\" \/>\n<meta property=\"og:description\" content=\"Terms and Conditions \u2014 Regenagri\u00ae Platform Please note that you\/USER are only licensed to [\u2026]\" \/>\n<meta property=\"og:url\" content=\"https:\/\/regenagri.org\/hu\/feltetelek-es-kikotesek\/\" \/>\n<meta property=\"og:site_name\" content=\"regenagri\" \/>\n<meta property=\"article:modified_time\" content=\"2023-06-27T09:40:49+00:00\" \/>\n<meta property=\"og:image\" content=\"https:\/\/regenagri.org\/wp-content\/uploads\/2025\/07\/regenagri.png\" \/>\n\t<meta property=\"og:image:width\" content=\"1200\" \/>\n\t<meta property=\"og:image:height\" content=\"675\" \/>\n\t<meta property=\"og:image:type\" content=\"image\/png\" \/>\n<meta name=\"twitter:card\" content=\"summary_large_image\" \/>\n<script type=\"application\/ld+json\" class=\"yoast-schema-graph\">{\"@context\":\"https:\\\/\\\/schema.org\",\"@graph\":[{\"@type\":\"WebPage\",\"@id\":\"https:\\\/\\\/regenagri.org\\\/terms-and-conditions\\\/\",\"url\":\"https:\\\/\\\/regenagri.org\\\/terms-and-conditions\\\/\",\"name\":\"Terms and conditions &#8212; regenagri\",\"isPartOf\":{\"@id\":\"https:\\\/\\\/regenagri.org\\\/#website\"},\"datePublished\":\"2021-05-08T16:05:00+00:00\",\"dateModified\":\"2023-06-27T09:40:49+00:00\",\"breadcrumb\":{\"@id\":\"https:\\\/\\\/regenagri.org\\\/terms-and-conditions\\\/#breadcrumb\"},\"inLanguage\":\"hu\",\"potentialAction\":[{\"@type\":\"ReadAction\",\"target\":[\"https:\\\/\\\/regenagri.org\\\/terms-and-conditions\\\/\"]}]},{\"@type\":\"BreadcrumbList\",\"@id\":\"https:\\\/\\\/regenagri.org\\\/terms-and-conditions\\\/#breadcrumb\",\"itemListElement\":[{\"@type\":\"ListItem\",\"position\":1,\"name\":\"Home\",\"item\":\"https:\\\/\\\/regenagri.org\\\/\"},{\"@type\":\"ListItem\",\"position\":2,\"name\":\"Terms and conditions\"}]},{\"@type\":\"WebSite\",\"@id\":\"https:\\\/\\\/regenagri.org\\\/#website\",\"url\":\"https:\\\/\\\/regenagri.org\\\/\",\"name\":\"regenagri\",\"description\":\"\",\"publisher\":{\"@id\":\"https:\\\/\\\/regenagri.org\\\/#organization\"},\"potentialAction\":[{\"@type\":\"SearchAction\",\"target\":{\"@type\":\"EntryPoint\",\"urlTemplate\":\"https:\\\/\\\/regenagri.org\\\/?s={search_term_string}\"},\"query-input\":{\"@type\":\"PropertyValueSpecification\",\"valueRequired\":true,\"valueName\":\"search_term_string\"}}],\"inLanguage\":\"hu\"},{\"@type\":\"Organization\",\"@id\":\"https:\\\/\\\/regenagri.org\\\/#organization\",\"name\":\"regenagri\",\"url\":\"https:\\\/\\\/regenagri.org\\\/\",\"logo\":{\"@type\":\"ImageObject\",\"inLanguage\":\"hu\",\"@id\":\"https:\\\/\\\/regenagri.org\\\/#\\\/schema\\\/logo\\\/image\\\/\",\"url\":\"https:\\\/\\\/regenagri.org\\\/wp-content\\\/uploads\\\/2021\\\/05\\\/regenagri.png\",\"contentUrl\":\"https:\\\/\\\/regenagri.org\\\/wp-content\\\/uploads\\\/2021\\\/05\\\/regenagri.png\",\"width\":1200,\"height\":452,\"caption\":\"regenagri\"},\"image\":{\"@id\":\"https:\\\/\\\/regenagri.org\\\/#\\\/schema\\\/logo\\\/image\\\/\"}}]}<\/script>\n<!-- \/ Yoast SEO plugin. -->","yoast_head_json":{"title":"\u00c1ltal\u00e1nos szerz\u0151d\u00e9si felt\u00e9telek - regenagri","robots":{"index":"index","follow":"follow","max-snippet":"max-snippet:-1","max-image-preview":"max-image-preview:large","max-video-preview":"max-video-preview:-1"},"canonical":"https:\/\/regenagri.org\/hu\/feltetelek-es-kikotesek\/","og_locale":"hu_HU","og_type":"article","og_title":"Terms and conditions &#8212; regenagri","og_description":"Terms and Conditions \u2014 Regenagri\u00ae Platform Please note that you\/USER are only licensed to [\u2026]","og_url":"https:\/\/regenagri.org\/hu\/feltetelek-es-kikotesek\/","og_site_name":"regenagri","article_modified_time":"2023-06-27T09:40:49+00:00","og_image":[{"width":1200,"height":675,"url":"https:\/\/regenagri.org\/wp-content\/uploads\/2025\/07\/regenagri.png","type":"image\/png"}],"twitter_card":"summary_large_image","schema":{"@context":"https:\/\/schema.org","@graph":[{"@type":"WebPage","@id":"https:\/\/regenagri.org\/terms-and-conditions\/","url":"https:\/\/regenagri.org\/terms-and-conditions\/","name":"\u00c1ltal\u00e1nos szerz\u0151d\u00e9si felt\u00e9telek - regenagri","isPartOf":{"@id":"https:\/\/regenagri.org\/#website"},"datePublished":"2021-05-08T16:05:00+00:00","dateModified":"2023-06-27T09:40:49+00:00","breadcrumb":{"@id":"https:\/\/regenagri.org\/terms-and-conditions\/#breadcrumb"},"inLanguage":"hu","potentialAction":[{"@type":"ReadAction","target":["https:\/\/regenagri.org\/terms-and-conditions\/"]}]},{"@type":"BreadcrumbList","@id":"https:\/\/regenagri.org\/terms-and-conditions\/#breadcrumb","itemListElement":[{"@type":"ListItem","position":1,"name":"Home","item":"https:\/\/regenagri.org\/"},{"@type":"ListItem","position":2,"name":"Terms and conditions"}]},{"@type":"WebSite","@id":"https:\/\/regenagri.org\/#website","url":"https:\/\/regenagri.org\/","name":"regenagri","description":"","publisher":{"@id":"https:\/\/regenagri.org\/#organization"},"potentialAction":[{"@type":"SearchAction","target":{"@type":"EntryPoint","urlTemplate":"https:\/\/regenagri.org\/?s={search_term_string}"},"query-input":{"@type":"PropertyValueSpecification","valueRequired":true,"valueName":"search_term_string"}}],"inLanguage":"hu"},{"@type":"Organization","@id":"https:\/\/regenagri.org\/#organization","name":"regenagri","url":"https:\/\/regenagri.org\/","logo":{"@type":"ImageObject","inLanguage":"hu","@id":"https:\/\/regenagri.org\/#\/schema\/logo\/image\/","url":"https:\/\/regenagri.org\/wp-content\/uploads\/2021\/05\/regenagri.png","contentUrl":"https:\/\/regenagri.org\/wp-content\/uploads\/2021\/05\/regenagri.png","width":1200,"height":452,"caption":"regenagri"},"image":{"@id":"https:\/\/regenagri.org\/#\/schema\/logo\/image\/"}}]}},"_links":{"self":[{"href":"https:\/\/regenagri.org\/hu\/wp-json\/wp\/v2\/pages\/78","targetHints":{"allow":["GET"]}}],"collection":[{"href":"https:\/\/regenagri.org\/hu\/wp-json\/wp\/v2\/pages"}],"about":[{"href":"https:\/\/regenagri.org\/hu\/wp-json\/wp\/v2\/types\/page"}],"author":[{"embeddable":true,"href":"https:\/\/regenagri.org\/hu\/wp-json\/wp\/v2\/users\/1"}],"replies":[{"embeddable":true,"href":"https:\/\/regenagri.org\/hu\/wp-json\/wp\/v2\/comments?post=78"}],"version-history":[{"count":6,"href":"https:\/\/regenagri.org\/hu\/wp-json\/wp\/v2\/pages\/78\/revisions"}],"predecessor-version":[{"id":1739,"href":"https:\/\/regenagri.org\/hu\/wp-json\/wp\/v2\/pages\/78\/revisions\/1739"}],"wp:attachment":[{"href":"https:\/\/regenagri.org\/hu\/wp-json\/wp\/v2\/media?parent=78"}],"curies":[{"name":"wp","href":"https:\/\/api.w.org\/{rel}","templated":true}]}}