{"id":40,"date":"2021-05-07T09:07:35","date_gmt":"2021-05-07T08:07:35","guid":{"rendered":"http:\/\/regenagri-org.stackstaging.com\/?page_id=40"},"modified":"2026-04-21T10:21:24","modified_gmt":"2026-04-21T09:21:24","slug":"regenerativ-mezogazdasag","status":"publish","type":"page","link":"https:\/\/regenagri.org\/hu\/our-initiative\/regenerative-agriculture\/","title":{"rendered":"Mi a regenerat\u00edv mez\u0151gazdas\u00e1g?"},"content":{"rendered":"<h3 class=\"wp-block-heading\">A regenerat\u00edv mez\u0151gazdas\u00e1gban rejl\u0151 lehet\u0151s\u00e9gek<\/h3>\n\n\n\n<p>A modern mez\u0151gazdas\u00e1g v\u00e1lasz\u00fathoz \u00e9rkezett. Egyr\u00e9szt a folyamatosan n\u00f6vekv\u0151 vil\u00e1gn\u00e9pess\u00e9g \u00e9lelmez\u00e9s\u00e9nek sz\u00fcks\u00e9gess\u00e9g\u00e9vel, m\u00e1sr\u00e9szt az intenz\u00edv gazd\u00e1lkod\u00e1s okozta puszt\u00edt\u00f3 talajpusztul\u00e1ssal kell szemben\u00e9zn\u00fcnk.&nbsp;<\/p>\n\n\n\n<p>A mez\u0151gazdas\u00e1g, az erd\u0151gazd\u00e1lkod\u00e1s \u00e9s egy\u00e9b f\u00f6ldhaszn\u00e1lat (AFOLU) az egyik legnagyobb \u00fcvegh\u00e1zhat\u00e1s\u00fa g\u00e1zok kibocs\u00e1t\u00f3ja, <a href=\"https:\/\/www.ipcc.ch\/report\/ar6\/wg3\/chapter\/chapter-7\/\" target=\"_blank\" rel=\"noreferrer noopener\">az IPCC becsl\u00e9se szerint<\/a> to cause&nbsp;21% of total anthropogenic emissions. At the same time, it holds the rare potential to not just drastically reduce emissions, but to sequester atmospheric carbon back into the soil, providing a natural way to limit global warming whilst producing nutritious food.&nbsp;<\/p>\n\n\n\n<p>A regenerat\u00edv mez\u0151gazdas\u00e1g olyan gazd\u00e1lkod\u00e1si m\u00f3d, amely jav\u00edtja a talaj term\u00e9kenys\u00e9g\u00e9t, mik\u00f6zben megk\u00f6ti \u00e9s t\u00e1rolja a l\u00e9gk\u00f6ri CO2-t. N\u00f6veli a gazdas\u00e1gon bel\u00fcli sokf\u00e9les\u00e9get, \u00e9s jav\u00edtja a v\u00edz- \u00e9s energiagazd\u00e1lkod\u00e1st. Ez egy holisztikus megold\u00e1s, amely gazdas\u00e1gi, k\u00f6rnyezeti \u00e9s t\u00e1rsadalmi el\u0151ny\u00f6k sz\u00e9lesebb k\u00f6r\u00e9t eredm\u00e9nyezheti.&nbsp;&nbsp;<\/p>\n\n\n\n<p>A regenerat\u00edv gyakorlatokat alkalmaz\u00f3 gazdas\u00e1gok sz\u00e1m\u00e1ra el\u0151ny\u00f6sek lehetnek:&nbsp;<\/p>\n\n\n\n<ul class=\"wp-block-list\">\n<li>magasabb \u00e9s stabilabb hozamok&nbsp;<\/li>\n\n\n\n<li>alacsonyabb inputk\u00f6lts\u00e9gek&nbsp;<\/li>\n\n\n\n<li>a term\u00e9szeti t\u0151ke \u00e9s az \u00f6kosziszt\u00e9ma-szolg\u00e1ltat\u00e1sok fejleszt\u00e9se a mez\u0151gazdas\u00e1g ellen\u00e1ll\u00f3 k\u00e9pess\u00e9g\u00e9nek n\u00f6vel\u00e9se mellett.&nbsp;<\/li>\n<\/ul>\n\n\n\n<p><a href=\"https:\/\/rodaleinstitute.org\/wp-content\/uploads\/Rodale-Soil-Carbon-White-Paper_v11-compressed.pdf\" target=\"_blank\" rel=\"noreferrer noopener\">Egy tanulm\u00e1ny szerint<\/a> hogy ha a vil\u00e1g \u00f6sszes mez\u0151gazdas\u00e1gi ter\u00fclet\u00e9t regenerat\u00edv gazd\u00e1lkod\u00e1si rendszerekre alak\u00edtan\u00e1k \u00e1t, akkor \u00e9vente t\u00f6bb mint 37,5 Gt sz\u00e9n-dioxidot lehetne megk\u00f6tni, ami t\u00f6bb, mint a jelenlegi glob\u00e1lis kibocs\u00e1t\u00e1s.&nbsp;<\/p>\n\n\n\n<figure class=\"wp-block-image size-large\"><img decoding=\"async\" width=\"1200\" height=\"800\" data-src=\"https:\/\/regenagri.org\/wp-content\/uploads\/2021\/05\/AdobeStock_279868296-1200x800.jpeg\" alt=\"\" class=\"wp-image-238 lazyload\" data-srcset=\"https:\/\/regenagri.org\/wp-content\/uploads\/2021\/05\/AdobeStock_279868296-1200x800.jpeg 1200w, https:\/\/regenagri.org\/wp-content\/uploads\/2021\/05\/AdobeStock_279868296-700x467.jpeg 700w, https:\/\/regenagri.org\/wp-content\/uploads\/2021\/05\/AdobeStock_279868296-768x512.jpeg 768w, https:\/\/regenagri.org\/wp-content\/uploads\/2021\/05\/AdobeStock_279868296-1536x1024.jpeg 1536w, https:\/\/regenagri.org\/wp-content\/uploads\/2021\/05\/AdobeStock_279868296.jpeg 1920w\" data-sizes=\"(max-width: 1200px) 100vw, 1200px\" src=\"data:image\/svg+xml;base64,PHN2ZyB3aWR0aD0iMSIgaGVpZ2h0PSIxIiB4bWxucz0iaHR0cDovL3d3dy53My5vcmcvMjAwMC9zdmciPjwvc3ZnPg==\" style=\"--smush-placeholder-width: 1200px; --smush-placeholder-aspect-ratio: 1200\/800;\" \/><figcaption class=\"wp-element-caption\">P\u00e9lda a silvopaszt\u00e1z\u00e1sra, egy regenerat\u00edv technik\u00e1ra.<\/figcaption><\/figure>\n\n\n\n<h3 class=\"wp-block-heading\">Regenerat\u00edv gyakorlatok<\/h3>\n\n\n\n<p>A regenerat\u00edv gyakorlatok a term\u00e9szettel egy\u00fcttm\u0171k\u00f6dve korl\u00e1tozz\u00e1k a k\u00f6lts\u00e9ges mesters\u00e9ges inputokat, \u00e9s a term\u00e9szetes \u00f6kosziszt\u00e9m\u00e1kat ut\u00e1nozz\u00e1k a mez\u0151gazdas\u00e1gi k\u00f6rnyezetben. \u00c1tfog\u00f3 c\u00e9ljuk a talaj eg\u00e9szs\u00e9g\u00e9nek helyre\u00e1ll\u00edt\u00e1sa.&nbsp;&nbsp;<\/p>\n\n\n\n<p>A regenerat\u00edv mez\u0151gazdas\u00e1g az agro\u00f6kol\u00f3gi\u00e1b\u00f3l, a permakult\u00far\u00e1b\u00f3l \u00e9s a term\u00e9szetv\u00e9delmi mez\u0151gazdas\u00e1gb\u00f3l mer\u00edti gyakorlat\u00e1t, valamint m\u00e9lyen gy\u00f6kerezik az \u0151slakosok f\u00f6ldfel\u00fcgyelet\u00e9ben.<\/p>\n\n\n\n<p>A regenerat\u00edv mez\u0151gazdas\u00e1gra nem l\u00e9tezik egys\u00e9ges m\u00f3dszertan, mivel nagym\u00e9rt\u00e9kben f\u00fcgg az egyes gazdas\u00e1gok egyedi k\u00f6rnyezeti felt\u00e9teleinek figyelembev\u00e9tel\u00e9t\u0151l. Van azonban n\u00e9h\u00e1ny olyan alapelv, amely a vil\u00e1g b\u00e1rmely pontj\u00e1n is alkalmazz\u00e1k:<\/p>\n\n\n\n<p><strong>A talaj bolygat\u00e1s\u00e1nak korl\u00e1toz\u00e1sa<\/strong>. B\u00e1r a talajm\u0171vel\u00e9s sok \u00e9ve sz\u00e9les k\u00f6rben elterjedt a mez\u0151gazdas\u00e1gban, ez a gyakorlat k\u00f6zvetlen vesz\u00e9lyt jelent a talaj szerves anyag\u00e1ra, a talaj term\u00e9kenys\u00e9g\u00e9nek \u00e9s sz\u00e9nk\u00e9szlet\u00e9nek kulcsfontoss\u00e1g\u00fa elem\u00e9re. A talaj bolygat\u00e1s\u00e1nak korl\u00e1toz\u00e1s\u00e1val \u00e9s m\u00e1s mez\u0151gazdas\u00e1gi gyakorlatok, mint p\u00e9ld\u00e1ul a fedett n\u00f6v\u00e9nytermeszt\u00e9s \u00e9s a k\u00f6zvetlen vet\u00e9s bevezet\u00e9s\u00e9vel a talaj \u00f6kosziszt\u00e9m\u00e1ja fejl\u0151dhet \u00e9s kulcsfontoss\u00e1g\u00fa \u00f6kosziszt\u00e9ma-szolg\u00e1ltat\u00e1sokat ny\u00fajthat. Nagyon gyorsan megfigyelhet\u0151 a talajer\u00f3zi\u00f3 drasztikus cs\u00f6kken\u00e9se, a talaj biol\u00f3giai sokf\u00e9les\u00e9g\u00e9nek maximaliz\u00e1l\u00e1sa, valamint a t\u00e1panyag-k\u00f6rforg\u00e1si kapacit\u00e1s \u00e9s a v\u00edzvisszatart\u00e1s javul\u00e1sa. &nbsp;<\/p>\n\n\n\n<p><strong>Fedje le a talajt. <\/strong>A csupasz talaj meghagy\u00e1sa, k\u00fcl\u00f6n\u00f6sen a talajm\u0171vel\u00e9s ut\u00e1n, nagym\u00e9rt\u00e9kben n\u00f6veli a CO<sub>2<\/sub> kibocs\u00e1t\u00e1s a f\u00f6ldter\u00fcletr\u0151l. A csupasz talajra \u00e9rkez\u0151 napf\u00e9ny oxid\u00e1lja a szerves anyagokat, ami CO<sub>2 <\/sub>felszabadulnak, \u00e9s k\u00f6zvetlen term\u00e9kenys\u00e9gvesztes\u00e9get okoznak. A takar\u00f3n\u00f6v\u00e9nyek - a f\u0151 vet\u00e9sforg\u00f3k k\u00f6z\u00f6tt vetett ideiglenes n\u00f6v\u00e9nyek - alkalmaz\u00e1sa k\u00f6lts\u00e9ghat\u00e9kony \u00e9s term\u00e9szetes m\u00f3dja a csupasz talaj elker\u00fcl\u00e9s\u00e9nek. A talaj lefed\u00e9se megakad\u00e1lyozza a talajer\u00f3zi\u00f3t \u00e9s a v\u00edzrendszerekbe t\u00f6rt\u00e9n\u0151 elfoly\u00e1st is.<\/p>\n\n\n\n<p><strong>Integr\u00e1lja az \u00e1llat\u00e1llom\u00e1nyt. <\/strong>T\u00f6rt\u00e9nelmileg az \u00e1llatteny\u00e9szt\u00e9s \u00e9s a n\u00f6v\u00e9nytermeszt\u00e9s szorosan \u00f6sszefon\u00f3dott. Az intenz\u00edv m\u00f3dszerek t\u00falzott specializ\u00e1l\u00f3d\u00e1s\u00e1val sok gazdas\u00e1g elt\u00e1volodott az \u00e1llattart\u00e1st\u00f3l, vagy a belt\u00e9ri rendszerekbe helyezte \u0151ket. Az \u00e1llatok \u00e9s a n\u00f6v\u00e9nyek sz\u00e9tv\u00e1laszt\u00e1sa a biok\u00e9miai hat\u00e9konys\u00e1g nagyfok\u00fa cs\u00f6kken\u00e9s\u00e9nek \u00e9s a CO<sub>2 <\/sub>kibocs\u00e1t\u00e1s. A n\u00f6v\u00e9nytermeszt\u00e9s \u00e9s az \u00e1llatteny\u00e9szt\u00e9s tervezett legeltet\u00e9ssel \u00e9s tr\u00e1gyakijuttat\u00e1ssal t\u00f6rt\u00e9n\u0151 \u00fajraintegr\u00e1l\u00e1s\u00e1val n\u00f6velhetj\u00fck a talaj term\u00e9kenys\u00e9g\u00e9t, mik\u00f6zben cs\u00f6kkentj\u00fck a mesters\u00e9ges gomba\u00f6l\u0151 szerek, n\u00f6v\u00e9nyv\u00e9d\u0151 szerek \u00e9s m\u0171tr\u00e1gy\u00e1k sz\u00fcks\u00e9gess\u00e9g\u00e9t.<\/p>\n\n\n\n<p><strong>Tartsa a f\u00f6ldben az \u00e9l\u0151 gy\u00f6kereket: <\/strong>Az eg\u00e9szs\u00e9ges gy\u00f6k\u00e9rrendszerek \u00e9p\u00edtik a talaj biol\u00f3giai sokf\u00e9les\u00e9g\u00e9t, a t\u00e1panyagok k\u00f6rforg\u00e1s\u00e1t \u00e9s a talaj v\u00edzmegtart\u00e1s\u00e1t. Az \u00e9vel\u0151 n\u00f6v\u00e9nyek rendk\u00edv\u00fcl el\u0151ny\u00f6sek a talaj \u00e9l\u0151 gy\u00f6k\u00e9rrendszer\u00e9nek fenntart\u00e1sa szempontj\u00e1b\u00f3l. Az intenz\u00edv mez\u0151gazdas\u00e1g azonban az egyny\u00e1ri fajokat helyezi el\u0151t\u00e9rbe, amelyek nem hagynak \u00e9l\u0151 gy\u00f6kereket a talajban, ami rontja a talaj szerkezet\u00e9t \u00e9s t\u00e1panyagszintj\u00e9t. Az \u00e9vel\u0151 n\u00f6v\u00e9nyek visszatelep\u00edt\u00e9se a mez\u0151gazdas\u00e1gi rendszerbe gyors m\u00f3dja az eg\u00e9sz \u00e9vben \u00e9l\u0151 gy\u00f6k\u00e9rrendszer vissza\u00e1ll\u00edt\u00e1s\u00e1nak, ami azzal a tov\u00e1bbi el\u0151nnyel j\u00e1r, hogy cs\u00f6kkenti a betegs\u00e9geket \u00e9s otthont ad a term\u00e9szetnek. <\/p>\n\n\n\n<h3 class=\"wp-block-heading\">Z\u00f6ld finansz\u00edroz\u00e1s<\/h3>\n\n\n\n<p>These regenerative&nbsp;practices are a return to what some might say is a traditional way of farming, but they also represent a very modern opportunity for farmers. The recent focus on the reduction of greenhouse gas (GHG) emissions and the potential for soils to sequester carbon has lead to the creation of carbon market. &nbsp;When farmers implement regenerative practises they can sequester and reduce carbon, improve local biodiversity and increase natural capital. These actions, when verified, will give them access to a new source of funding through the Green Finance Market, such as environmental impact bonds and payment for environmental services schemes.<\/p>\n\n\n\n<hr class=\"wp-block-separator has-css-opacity\"\/>\n\n\n\n<p><strong>The Regenagri initiative exists to support farmers and businesses to transition towards regenerative practises, securing the health of the land, and the wealth of those who live on it.<\/strong><\/p>\n\n\n\n<hr class=\"wp-block-separator has-css-opacity\"\/>\n\n\n\n<div class=\"wp-block-buttons is-layout-flex wp-block-buttons-is-layout-flex\">\n<div class=\"wp-block-button\"><a class=\"wp-block-button__link wp-element-button\" href=\"https:\/\/regenagri.org\/hu\/kapcsolatfelvetel\/\">Tudjon meg t\u00f6bbet<\/a><\/div>\n<\/div>\n\n\n\n<p><\/p>","protected":false},"excerpt":{"rendered":"<p>The potential of regenerative agriculture Modern agriculture is at a crossroads. We are faced [\u2026]<\/p>\n","protected":false},"author":1,"featured_media":0,"parent":10,"menu_order":0,"comment_status":"closed","ping_status":"closed","template":"","meta":{"_acf_changed":false,"footnotes":""},"class_list":["post-40","page","type-page","status-publish","hentry"],"acf":[],"yoast_head":"<!-- This site is optimized with the Yoast SEO plugin v27.4 - https:\/\/yoast.com\/product\/yoast-seo-wordpress\/ -->\n<title>What is regenerative agriculture? &#8212; regenagri<\/title>\n<meta name=\"description\" content=\"Regenerative agriculture focusses on working with nature, limiting costly artificial inputs and mimicking natural ecosystems within an agricultural setting.\" \/>\n<meta name=\"robots\" content=\"index, follow, max-snippet:-1, max-image-preview:large, max-video-preview:-1\" \/>\n<link rel=\"canonical\" href=\"https:\/\/regenagri.org\/hu\/kezdemenyezesunk\/regenerativ-mezogazdasag\/\" \/>\n<meta property=\"og:locale\" content=\"hu_HU\" \/>\n<meta property=\"og:type\" content=\"article\" \/>\n<meta property=\"og:title\" content=\"What is regenerative agriculture? &#8212; regenagri\" \/>\n<meta property=\"og:description\" content=\"Regenerative agriculture focusses on working with nature, limiting costly artificial inputs and mimicking natural ecosystems within an agricultural setting.\" \/>\n<meta property=\"og:url\" content=\"https:\/\/regenagri.org\/hu\/kezdemenyezesunk\/regenerativ-mezogazdasag\/\" \/>\n<meta property=\"og:site_name\" content=\"regenagri\" \/>\n<meta property=\"article:modified_time\" content=\"2026-04-21T09:21:24+00:00\" \/>\n<meta property=\"og:image\" content=\"https:\/\/regenagri.org\/wp-content\/uploads\/2021\/05\/AdobeStock_279868296.jpeg\" \/>\n\t<meta property=\"og:image:width\" content=\"1920\" \/>\n\t<meta property=\"og:image:height\" content=\"1280\" \/>\n\t<meta property=\"og:image:type\" content=\"image\/jpeg\" \/>\n<meta name=\"twitter:card\" content=\"summary_large_image\" \/>\n<script type=\"application\/ld+json\" class=\"yoast-schema-graph\">{\"@context\":\"https:\\\/\\\/schema.org\",\"@graph\":[{\"@type\":\"WebPage\",\"@id\":\"https:\\\/\\\/regenagri.org\\\/our-initiative\\\/regenerative-agriculture\\\/\",\"url\":\"https:\\\/\\\/regenagri.org\\\/our-initiative\\\/regenerative-agriculture\\\/\",\"name\":\"What is regenerative agriculture? &#8212; regenagri\",\"isPartOf\":{\"@id\":\"https:\\\/\\\/regenagri.org\\\/#website\"},\"primaryImageOfPage\":{\"@id\":\"https:\\\/\\\/regenagri.org\\\/our-initiative\\\/regenerative-agriculture\\\/#primaryimage\"},\"image\":{\"@id\":\"https:\\\/\\\/regenagri.org\\\/our-initiative\\\/regenerative-agriculture\\\/#primaryimage\"},\"thumbnailUrl\":\"https:\\\/\\\/regenagri.org\\\/wp-content\\\/uploads\\\/2021\\\/05\\\/AdobeStock_279868296-1200x800.jpeg\",\"datePublished\":\"2021-05-07T08:07:35+00:00\",\"dateModified\":\"2026-04-21T09:21:24+00:00\",\"description\":\"Regenerative agriculture focusses on working with nature, limiting costly artificial inputs and mimicking natural ecosystems within an agricultural setting.\",\"breadcrumb\":{\"@id\":\"https:\\\/\\\/regenagri.org\\\/our-initiative\\\/regenerative-agriculture\\\/#breadcrumb\"},\"inLanguage\":\"hu\",\"potentialAction\":[{\"@type\":\"ReadAction\",\"target\":[\"https:\\\/\\\/regenagri.org\\\/our-initiative\\\/regenerative-agriculture\\\/\"]}]},{\"@type\":\"ImageObject\",\"inLanguage\":\"hu\",\"@id\":\"https:\\\/\\\/regenagri.org\\\/our-initiative\\\/regenerative-agriculture\\\/#primaryimage\",\"url\":\"https:\\\/\\\/regenagri.org\\\/wp-content\\\/uploads\\\/2021\\\/05\\\/AdobeStock_279868296-1200x800.jpeg\",\"contentUrl\":\"https:\\\/\\\/regenagri.org\\\/wp-content\\\/uploads\\\/2021\\\/05\\\/AdobeStock_279868296-1200x800.jpeg\"},{\"@type\":\"BreadcrumbList\",\"@id\":\"https:\\\/\\\/regenagri.org\\\/our-initiative\\\/regenerative-agriculture\\\/#breadcrumb\",\"itemListElement\":[{\"@type\":\"ListItem\",\"position\":1,\"name\":\"Home\",\"item\":\"https:\\\/\\\/regenagri.org\\\/\"},{\"@type\":\"ListItem\",\"position\":2,\"name\":\"Our initiative\",\"item\":\"https:\\\/\\\/regenagri.org\\\/our-initiative\\\/\"},{\"@type\":\"ListItem\",\"position\":3,\"name\":\"What is regenerative agriculture?\"}]},{\"@type\":\"WebSite\",\"@id\":\"https:\\\/\\\/regenagri.org\\\/#website\",\"url\":\"https:\\\/\\\/regenagri.org\\\/\",\"name\":\"regenagri\",\"description\":\"\",\"publisher\":{\"@id\":\"https:\\\/\\\/regenagri.org\\\/#organization\"},\"potentialAction\":[{\"@type\":\"SearchAction\",\"target\":{\"@type\":\"EntryPoint\",\"urlTemplate\":\"https:\\\/\\\/regenagri.org\\\/?s={search_term_string}\"},\"query-input\":{\"@type\":\"PropertyValueSpecification\",\"valueRequired\":true,\"valueName\":\"search_term_string\"}}],\"inLanguage\":\"hu\"},{\"@type\":\"Organization\",\"@id\":\"https:\\\/\\\/regenagri.org\\\/#organization\",\"name\":\"regenagri\",\"url\":\"https:\\\/\\\/regenagri.org\\\/\",\"logo\":{\"@type\":\"ImageObject\",\"inLanguage\":\"hu\",\"@id\":\"https:\\\/\\\/regenagri.org\\\/#\\\/schema\\\/logo\\\/image\\\/\",\"url\":\"https:\\\/\\\/regenagri.org\\\/wp-content\\\/uploads\\\/2021\\\/05\\\/regenagri.png\",\"contentUrl\":\"https:\\\/\\\/regenagri.org\\\/wp-content\\\/uploads\\\/2021\\\/05\\\/regenagri.png\",\"width\":1200,\"height\":452,\"caption\":\"regenagri\"},\"image\":{\"@id\":\"https:\\\/\\\/regenagri.org\\\/#\\\/schema\\\/logo\\\/image\\\/\"}}]}<\/script>\n<!-- \/ Yoast SEO plugin. -->","yoast_head_json":{"title":"Mi a regenerat\u00edv mez\u0151gazdas\u00e1g? - regenagri","description":"A regenerat\u00edv mez\u0151gazdas\u00e1g a term\u00e9szettel val\u00f3 egy\u00fcttm\u0171k\u00f6d\u00e9sre, a k\u00f6lts\u00e9ges mesters\u00e9ges inputok korl\u00e1toz\u00e1s\u00e1ra \u00e9s a term\u00e9szetes \u00f6kosziszt\u00e9m\u00e1k ut\u00e1nz\u00e1s\u00e1ra \u00f6sszpontos\u00edt a mez\u0151gazdas\u00e1gi k\u00f6rnyezetben.","robots":{"index":"index","follow":"follow","max-snippet":"max-snippet:-1","max-image-preview":"max-image-preview:large","max-video-preview":"max-video-preview:-1"},"canonical":"https:\/\/regenagri.org\/hu\/kezdemenyezesunk\/regenerativ-mezogazdasag\/","og_locale":"hu_HU","og_type":"article","og_title":"What is regenerative agriculture? &#8212; regenagri","og_description":"Regenerative agriculture focusses on working with nature, limiting costly artificial inputs and mimicking natural ecosystems within an agricultural setting.","og_url":"https:\/\/regenagri.org\/hu\/kezdemenyezesunk\/regenerativ-mezogazdasag\/","og_site_name":"regenagri","article_modified_time":"2026-04-21T09:21:24+00:00","og_image":[{"width":1920,"height":1280,"url":"https:\/\/regenagri.org\/wp-content\/uploads\/2021\/05\/AdobeStock_279868296.jpeg","type":"image\/jpeg"}],"twitter_card":"summary_large_image","schema":{"@context":"https:\/\/schema.org","@graph":[{"@type":"WebPage","@id":"https:\/\/regenagri.org\/our-initiative\/regenerative-agriculture\/","url":"https:\/\/regenagri.org\/our-initiative\/regenerative-agriculture\/","name":"Mi a regenerat\u00edv mez\u0151gazdas\u00e1g? - regenagri","isPartOf":{"@id":"https:\/\/regenagri.org\/#website"},"primaryImageOfPage":{"@id":"https:\/\/regenagri.org\/our-initiative\/regenerative-agriculture\/#primaryimage"},"image":{"@id":"https:\/\/regenagri.org\/our-initiative\/regenerative-agriculture\/#primaryimage"},"thumbnailUrl":"https:\/\/regenagri.org\/wp-content\/uploads\/2021\/05\/AdobeStock_279868296-1200x800.jpeg","datePublished":"2021-05-07T08:07:35+00:00","dateModified":"2026-04-21T09:21:24+00:00","description":"A regenerat\u00edv mez\u0151gazdas\u00e1g a term\u00e9szettel val\u00f3 egy\u00fcttm\u0171k\u00f6d\u00e9sre, a k\u00f6lts\u00e9ges mesters\u00e9ges inputok korl\u00e1toz\u00e1s\u00e1ra \u00e9s a term\u00e9szetes \u00f6kosziszt\u00e9m\u00e1k ut\u00e1nz\u00e1s\u00e1ra \u00f6sszpontos\u00edt a mez\u0151gazdas\u00e1gi k\u00f6rnyezetben.","breadcrumb":{"@id":"https:\/\/regenagri.org\/our-initiative\/regenerative-agriculture\/#breadcrumb"},"inLanguage":"hu","potentialAction":[{"@type":"ReadAction","target":["https:\/\/regenagri.org\/our-initiative\/regenerative-agriculture\/"]}]},{"@type":"ImageObject","inLanguage":"hu","@id":"https:\/\/regenagri.org\/our-initiative\/regenerative-agriculture\/#primaryimage","url":"https:\/\/regenagri.org\/wp-content\/uploads\/2021\/05\/AdobeStock_279868296-1200x800.jpeg","contentUrl":"https:\/\/regenagri.org\/wp-content\/uploads\/2021\/05\/AdobeStock_279868296-1200x800.jpeg"},{"@type":"BreadcrumbList","@id":"https:\/\/regenagri.org\/our-initiative\/regenerative-agriculture\/#breadcrumb","itemListElement":[{"@type":"ListItem","position":1,"name":"Home","item":"https:\/\/regenagri.org\/"},{"@type":"ListItem","position":2,"name":"Our initiative","item":"https:\/\/regenagri.org\/our-initiative\/"},{"@type":"ListItem","position":3,"name":"What is regenerative agriculture?"}]},{"@type":"WebSite","@id":"https:\/\/regenagri.org\/#website","url":"https:\/\/regenagri.org\/","name":"regenagri","description":"","publisher":{"@id":"https:\/\/regenagri.org\/#organization"},"potentialAction":[{"@type":"SearchAction","target":{"@type":"EntryPoint","urlTemplate":"https:\/\/regenagri.org\/?s={search_term_string}"},"query-input":{"@type":"PropertyValueSpecification","valueRequired":true,"valueName":"search_term_string"}}],"inLanguage":"hu"},{"@type":"Organization","@id":"https:\/\/regenagri.org\/#organization","name":"regenagri","url":"https:\/\/regenagri.org\/","logo":{"@type":"ImageObject","inLanguage":"hu","@id":"https:\/\/regenagri.org\/#\/schema\/logo\/image\/","url":"https:\/\/regenagri.org\/wp-content\/uploads\/2021\/05\/regenagri.png","contentUrl":"https:\/\/regenagri.org\/wp-content\/uploads\/2021\/05\/regenagri.png","width":1200,"height":452,"caption":"regenagri"},"image":{"@id":"https:\/\/regenagri.org\/#\/schema\/logo\/image\/"}}]}},"_links":{"self":[{"href":"https:\/\/regenagri.org\/hu\/wp-json\/wp\/v2\/pages\/40","targetHints":{"allow":["GET"]}}],"collection":[{"href":"https:\/\/regenagri.org\/hu\/wp-json\/wp\/v2\/pages"}],"about":[{"href":"https:\/\/regenagri.org\/hu\/wp-json\/wp\/v2\/types\/page"}],"author":[{"embeddable":true,"href":"https:\/\/regenagri.org\/hu\/wp-json\/wp\/v2\/users\/1"}],"replies":[{"embeddable":true,"href":"https:\/\/regenagri.org\/hu\/wp-json\/wp\/v2\/comments?post=40"}],"version-history":[{"count":26,"href":"https:\/\/regenagri.org\/hu\/wp-json\/wp\/v2\/pages\/40\/revisions"}],"predecessor-version":[{"id":11491,"href":"https:\/\/regenagri.org\/hu\/wp-json\/wp\/v2\/pages\/40\/revisions\/11491"}],"up":[{"embeddable":true,"href":"https:\/\/regenagri.org\/hu\/wp-json\/wp\/v2\/pages\/10"}],"wp:attachment":[{"href":"https:\/\/regenagri.org\/hu\/wp-json\/wp\/v2\/media?parent=40"}],"curies":[{"name":"wp","href":"https:\/\/api.w.org\/{rel}","templated":true}]}}