{"id":3,"date":"2021-05-03T14:11:36","date_gmt":"2021-05-03T13:11:36","guid":{"rendered":"http:\/\/regenagri-org.stackstaging.com\/?page_id=3"},"modified":"2021-06-08T11:27:30","modified_gmt":"2021-06-08T10:27:30","slug":"adatvedelmi-politika","status":"publish","type":"page","link":"https:\/\/regenagri.org\/hu\/privacy-policy\/","title":{"rendered":"Adatv\u00e9delmi szab\u00e1lyzat"},"content":{"rendered":"<h1 class=\"wp-block-heading\">felhaszn\u00e1l\u00e1si felt\u00e9telek - adatv\u00e9delmi politika<\/h1>\n\n\n\n<p>Mindk\u00e9t f\u00e9l elfogadja \u00e9s v\u00e1llalja a m\u00e1sik f\u00e9llel szemben, hogy a Szolg\u00e1ltat\u00e1sok teljes\u00edt\u00e9se sor\u00e1n \u00e9s a szem\u00e9lyes adatokhoz (\u201cSzem\u00e9lyes adatok\u201d) val\u00f3 hozz\u00e1f\u00e9r\u00e9s vagy azok \u00e1tad\u00e1sa miatt bizonyos, ak\u00e1r t\u00f6rv\u00e9ny vagy szerz\u0151d\u00e9s \u00e1ltal el\u0151\u00edrt k\u00f6telezetts\u00e9geket teljes\u00edt, felt\u00e9ve, hogy megfelel a vonatkoz\u00f3 szem\u00e9lyes adatok v\u00e9delm\u00e9re vonatkoz\u00f3 (a vonatkoz\u00f3 joghat\u00f3s\u00e1g szerinti) jogszab\u00e1lyok (\u201cT\u00f6rv\u00e9ny\u201d) rendelkez\u00e9seinek \u00e9s rendeleteinek, szab\u00e1lyzatainak, gyakorlati k\u00f3dexeinek \u00e9s\/vagy a T\u00f6rv\u00e9nyhez kapcsol\u00f3d\u00f3 b\u00e1rmely olyan szab\u00e1lyoz\u00e1si k\u00f6vetelm\u00e9nynek, amelyet id\u0151r\u0151l id\u0151re a vonatkoz\u00f3 joghat\u00f3s\u00e1g szerinti korm\u00e1nyzati vagy szab\u00e1lyoz\u00f3 test\u00fclet adhat ki a Szolg\u00e1ltat\u00e1sokkal \u00e9s a hozz\u00e1f\u00e9r\u00e9ssel kapcsolatban, amely megk\u00f6veteli, hogy a f\u00e9l szem\u00e9lyes adatok birtok\u00e1ban legyen \u00e9s\/vagy azokat feldolgozza. Mivel fontosnak tartjuk az adatok v\u00e9delm\u00e9t \u00e9s biztons\u00e1g\u00e1t, ez\u00faton k\u00e9rj\u00fck, hogy figyelmesen olvassa el ezt az ADATV\u00c9DELMI POLITIK\u00c1T, mivel fontos inform\u00e1ci\u00f3kat tartalmaz arr\u00f3l, hogy hogyan haszn\u00e1ljuk \u00e9s v\u00e9dj\u00fck az adatok felhaszn\u00e1l\u00e1s\u00e1t. A felek egyet\u00e9rtenek abban, hogy a 2018. m\u00e1jus 25-i 95\/46\/EK uni\u00f3s adatv\u00e9delmi ir\u00e1nyelv (\u201cIr\u00e1nyelv\u201d), a tov\u00e1bbiakban \u201cAdatv\u00e9delmi t\u00f6rv\u00e9ny\u201d, \u00edr\u00e1sos meg\u00e1llapod\u00e1st \u00edr el\u0151 a felek k\u00f6z\u00f6tt (\u201cAdatkezel\u0151\u201d \u00e9s \u201cAdatfeldolgoz\u00f3\u201d kapcsolat). Az adatv\u00e9delmi t\u00f6rv\u00e9ny minden olyan t\u00edpus\u00fa inform\u00e1ci\u00f3 feldolgoz\u00e1s\u00e1ra vonatkozik, amely k\u00f6zvetlen\u00fcl vagy k\u00f6zvetve \u00e9l\u0151 szem\u00e9lyhez k\u00f6thet\u0151.<br>\u200d<br>A jelen kapcsolatban a kontextus hat\u00e1rozza meg, hogy ki legyen az adatkezel\u0151 \u00e9s az adatfeldolgoz\u00f3, \u00e9s mindk\u00e9t f\u00e9l elismeri a r\u00e1ruh\u00e1zott szerepet, \u00e9s ennek megfelel\u0151en e felt\u00e9telnek megfelel\u0151en fog elj\u00e1rni, \u00e9s a szem\u00e9lyes adatok feldolgoz\u00e1sa \u00e9rdek\u00e9ben megszerzi a sz\u00fcks\u00e9ges hozz\u00e1j\u00e1rul\u00e1st. <\/p>\n\n\n\n<p>Ilyen esetben:-<\/p>\n\n\n\n<ul class=\"wp-block-list\"><li>Mindk\u00e9t f\u00e9l teljes\u00edti az adatkezel\u0151i vagy adatfeldolgoz\u00f3i k\u00f6telezetts\u00e9g\u00e9t (k\u00f6telezetts\u00e9geit).<\/li><li>A f\u00e9l tudom\u00e1sul veszi \u00e9s elfogadja, hogy a szem\u00e9lyes adatok tov\u00e1bb\u00edthat\u00f3k vagy t\u00e1rolhat\u00f3k azon a joghat\u00f3s\u00e1gon k\u00edv\u00fcl, ahol az \u00c1SZF-ben \u00e9s\/vagy az ADATV\u00c9DELMI POLITIK\u00c1BAN el\u0151\u00edrt k\u00f6telezetts\u00e9g teljes\u00edt\u00e9se \u00e9rdek\u00e9ben.<\/li><li>Amennyiben a szem\u00e9lyes adatokat az EU-n k\u00edv\u00fclre vagy a szerver hely\u00e9re kell tov\u00e1bb\u00edtani vagy t\u00e1rolni, ak\u00e1r a felek egyike, ak\u00e1r mindkett\u0151, a tov\u00e1bb\u00edt\u00f3 vagy \u00e1tad\u00f3 f\u00e9l vagy felek k\u00f6telesek ezenfel\u00fcl megfelelni a c\u00e9lorsz\u00e1g vonatkoz\u00f3 adatv\u00e9delmi jogszab\u00e1lyaiban foglalt k\u00f6vetelm\u00e9nyeknek, ahol a szem\u00e9lyes adatokat tov\u00e1bb\u00edtj\u00e1k vagy tov\u00e1bb\u00edtj\u00e1k.<\/li><li>Abban az esetben, ha a c\u00e9lorsz\u00e1gban nincs hat\u00e1lyos adatv\u00e9delmi jogszab\u00e1ly, vagy a c\u00e9lorsz\u00e1g adatv\u00e9delmi jogszab\u00e1lyai \u00e1ltal biztos\u00edtott v\u00e9delmi szint nem felel meg az adatv\u00e9delmi t\u00f6rv\u00e9ny k\u00f6vetelm\u00e9nyeinek, az adatv\u00e9delmi t\u00f6rv\u00e9ny rendelkez\u00e9sei automatikusan alkalmazand\u00f3k, \u00e9s a felek ezen fel\u00fcl minden \u00e9sszer\u0171 \u00f3vint\u00e9zked\u00e9st \u00e9s kell\u0151 gondoss\u00e1ggal biztos\u00edtj\u00e1k, hogy i. a c\u00e9lorsz\u00e1gban az adatfeldolgoz\u00f3 megfeleljen a t\u00f6rv\u00e9ny valamennyi k\u00f6vetelm\u00e9ny\u00e9nek; \u00e9s a szem\u00e9lyes adatok feldolgoz\u00e1sa ne t\u00f6rt\u00e9njen az adatv\u00e9delmi t\u00f6rv\u00e9nyt s\u00e9rt\u0151 m\u00f3don.<\/li><li>hogy a szem\u00e9lyes adatok feldolgoz\u00e1sa, bele\u00e9rtve mag\u00e1t az adattov\u00e1bb\u00edt\u00e1st is, az alkalmazand\u00f3 adatv\u00e9delmi t\u00f6rv\u00e9ny vonatkoz\u00f3 rendelkez\u00e9seivel \u00f6sszhangban t\u00f6rt\u00e9nt \u00e9s fog t\u00f6rt\u00e9nni.<\/li><li>Az alkalmazand\u00f3 adatv\u00e9delmi t\u00f6rv\u00e9ny k\u00f6vetelm\u00e9nyeinek \u00e9rt\u00e9kel\u00e9s\u00e9t k\u00f6vet\u0151en a biztons\u00e1gi int\u00e9zked\u00e9sek megfelel\u0151ek a szem\u00e9lyes adatok v\u00e9letlen vagy jogellenes megsemmis\u00edt\u00e9s, v\u00e9letlen elveszt\u00e9s, megv\u00e1ltoztat\u00e1s, jogosulatlan nyilv\u00e1noss\u00e1gra hozatal vagy hozz\u00e1f\u00e9r\u00e9s elleni v\u00e9delm\u00e9re, k\u00fcl\u00f6n\u00f6sen, ha az adatkezel\u00e9s a szem\u00e9lyes adatok h\u00e1l\u00f3zaton kereszt\u00fcl t\u00f6rt\u00e9n\u0151 tov\u00e1bb\u00edt\u00e1s\u00e1val j\u00e1r, valamint az adatkezel\u00e9s minden m\u00e1s jogellenes form\u00e1ja ellen, \u00e9s hogy ezek az int\u00e9zked\u00e9sek az adatkezel\u00e9s \u00e1ltal jelentett kock\u00e1zatoknak \u00e9s a v\u00e9dend\u0151 szem\u00e9lyes adatok jelleg\u00e9nek megfelel\u0151 biztons\u00e1gi szintet biztos\u00edtanak, tekintettel a technika \u00e1ll\u00e1s\u00e1ra \u00e9s a v\u00e9grehajt\u00e1s k\u00f6lts\u00e9geire.<\/li><li>A F\u00e9l biztos\u00edtja, hogy jogosult a vonatkoz\u00f3 szem\u00e9lyes adatoknak a m\u00e1sik f\u00e9l r\u00e9sz\u00e9re t\u00f6rt\u00e9n\u0151 tov\u00e1bb\u00edt\u00e1s\u00e1ra, hogy az a szem\u00e9lyes adatokat jogszer\u0171en haszn\u00e1lhassa, feldolgozhassa \u00e9s tov\u00e1bb\u00edthassa a k\u00f6telezetts\u00e9geinek megfelel\u0151en, a jelen ADATV\u00c9DELMI POLITIK\u00c1VAL \u00f6sszhangban. Amennyiben az adatv\u00e9delmi t\u00f6rv\u00e9ny \u00e9rtelm\u00e9ben, amennyiben a kontextus megengedi (ak\u00e1r adatkezel\u0151k\u00e9nt, ak\u00e1r adatfeldolgoz\u00f3k\u00e9nt), valamelyik F\u00e9l kapcsolt v\u00e1llalkoz\u00e1sa egyetemlegesen vagy egyetemlegesen felelhet a jogs\u00e9rt\u00e9s\u00e9rt, ez\u00e9rt mindegyik F\u00e9l kijelenti \u00e9s szavatolja, hogy (i) jogosult utas\u00edt\u00e1sokat adni vagy m\u00e1s m\u00f3don elj\u00e1rni az ilyen f\u00e9l nev\u00e9ben a jelen ADATV\u00c9DELMI POLITIK\u00c1BAN le\u00edrt szem\u00e9lyes adatokkal kapcsolatban, k\u00f6telezi az ilyen szervezetet a jelen adatv\u00e9delmi szab\u00e1lyzatra vonatkoz\u00f3an.<\/li><li>A F\u00e9l biztos\u00edtja, hogy az \u00e9rintett harmadik feleket t\u00e1j\u00e9koztatt\u00e1k az ilyen felhaszn\u00e1l\u00e1sr\u00f3l, feldolgoz\u00e1sr\u00f3l \u00e9s tov\u00e1bb\u00edt\u00e1sr\u00f3l, \u00e9s az \u00f6sszes alkalmazand\u00f3 adatv\u00e9delmi jogszab\u00e1lyban el\u0151\u00edrtaknak megfelel\u0151en beleegyez\u00e9s\u00fcket adt\u00e1k.<\/li><li>A F\u00e9l a szem\u00e9lyes adatokat kiz\u00e1r\u00f3lag a jelen ADATV\u00c9DELMI POLITIKA szerint kezeli, \u00e9s semmilyen m\u00e1s c\u00e9lb\u00f3l nem kezel szem\u00e9lyes adatokat.<\/li><li>Szem\u00e9lyes adatok kiadhat\u00f3k b\u0171n\u00fcld\u00f6z\u0151, szab\u00e1lyoz\u00f3 vagy m\u00e1s korm\u00e1nyzati szervek vagy m\u00e1s harmadik felek sz\u00e1m\u00e1ra, minden esetben jogi, szab\u00e1lyoz\u00e1si vagy nemzetbiztons\u00e1gi k\u00f6telezetts\u00e9geknek vagy k\u00e9r\u00e9seknek val\u00f3 megfelel\u00e9s \u00e9rdek\u00e9ben.<\/li><\/ul>\n\n\n\n<p><strong>K\u00f6telezetts\u00e9gek<\/strong><\/p>\n\n\n\n<p>Mindk\u00e9t F\u00e9l egyet\u00e9rt \u00e9s elismeri, hogy felmenti \u00e9s k\u00e1rtalan\u00edtja a m\u00e1sik Felet, annak alkalmazottait, tisztvisel\u0151it, igazgat\u00f3it, \u00fcgyn\u00f6keit, alkalmazottait, alv\u00e1llalkoz\u00f3it \u00e9s a m\u00e1sik F\u00e9l \u00e1ltal felhatalmazott b\u00e1rmely m\u00e1s szem\u00e9lyt minden k\u00f6vetel\u00e9s, kereset \u00e9s ig\u00e9ny (bele\u00e9rtve a v\u00e9dekez\u00e9s vagy az ig\u00e9ny rendez\u00e9s\u00e9nek k\u00f6lts\u00e9geit) al\u00f3l, kereset vagy k\u00f6vetel\u00e9s), amelyek a m\u00e1sik f\u00e9llel szemben a jelen ADATV\u00c9DELMI POLITIKA \u00e9s az alkalmazand\u00f3 t\u00f6rv\u00e9nyek \u00e9s\/vagy rendeletek m\u00e1sik f\u00e9l \u00e1ltali megs\u00e9rt\u00e9s\u00e9b\u0151l, vagy a m\u00e1sik f\u00e9l tisztvisel\u0151inek, alkalmazottainak, \u00fcgyn\u00f6keinek, \u00fcgyn\u00f6keinek, alv\u00e1llalkoz\u00f3inak \u00e9s b\u00e1rmely m\u00e1s, a m\u00e1sik f\u00e9l \u00e1ltal felhatalmazott szem\u00e9lynek, ha van ilyen, vagy b\u00e1rmely m\u00e1s szem\u00e9lynek, akinek a cselekedetei\u00e9rt vagy mulaszt\u00e1sai\u00e9rt a m\u00e1sik f\u00e9l k\u00f6zvetve vagy f\u0151k\u00f6telezettk\u00e9nt felel\u0151s, cselekedeteib\u0151l, mulaszt\u00e1saib\u00f3l vagy mulaszt\u00e1saib\u00f3l erednek.<\/p>\n\n\n\n<p><strong>Az Adatv\u00e9delmi szab\u00e1lyzat m\u00f3dos\u00edt\u00e1sai<\/strong><\/p>\n\n\n\n<p><strong>\u200d<\/strong>Szab\u00e1lyzat Id\u0151nk\u00e9nt a T\u00e1rsas\u00e1g saj\u00e1t bel\u00e1t\u00e1sa szerint m\u00f3dos\u00edthatja ezt az ADATV\u00c9DELMI POLITIK\u00c1T. Ha az ADATV\u00c9DELMI POLITIKA l\u00e9nyeges m\u00f3dos\u00edt\u00e1s\u00e1ra ker\u00fcl sor, a T\u00e1rsas\u00e1g \u00edr\u00e1sban \u00e9rtes\u00edti az ellen\u00e9rdek\u0171 felet VAGY adott esetben egy\u00e9rtelm\u0171 \u00e9rtes\u00edt\u00e9s elhelyez\u00e9s\u00e9vel a regenagriben vagy e-mail k\u00fcld\u00e9s\u00e9vel. Bizonyos esetekben a T\u00e1rsas\u00e1g el\u0151re \u00e9rtes\u00edti az ellenfelet, \u00e9s ha ez a helyzet, a v\u00e1ltoz\u00e1sok ut\u00e1n az ellenf\u00e9l a regenagri tov\u00e1bbi haszn\u00e1lata a v\u00e1ltoz\u00e1sok elfogad\u00e1s\u00e1t jelenti. Ez\u00faton k\u00e9rj\u00fck \u00d6n\u00f6ket, hogy figyelmesen olvass\u00e1k el az \u00e9rtes\u00edt\u00e9seket. <\/p>\n\n\n\n<p>A szem\u00e9lyes adatok kezel\u00e9s\u00e9vel kapcsolatos k\u00e9rd\u00e9sek, \u00e9szrev\u00e9telek vagy agg\u00e1lyok eset\u00e9n k\u00e9rj\u00fck, l\u00e9pjen kapcsolatba vel\u00fcnk. <\/p>\n\n\n\n<div class=\"wp-block-buttons is-layout-flex wp-block-buttons-is-layout-flex\">\n<div class=\"wp-block-button\"><a class=\"wp-block-button__link\" href=\"https:\/\/regenagri.org\/hu\/kapcsolatfelvetel\/\">Kapcsolatfelv\u00e9tel<\/a><\/div>\n<\/div>","protected":false},"excerpt":{"rendered":"<p>terms and conditions of use &#8211; privacy policy Each party agrees and undertakes to [\u2026]<\/p>\n","protected":false},"author":1,"featured_media":0,"parent":0,"menu_order":0,"comment_status":"closed","ping_status":"closed","template":"","meta":{"_acf_changed":false,"footnotes":""},"class_list":["post-3","page","type-page","status-publish","hentry"],"acf":[],"yoast_head":"<!-- This site is optimized with the Yoast SEO plugin v27.4 - https:\/\/yoast.com\/product\/yoast-seo-wordpress\/ -->\n<title>Privacy policy &#8212; regenagri<\/title>\n<meta name=\"robots\" content=\"index, follow, max-snippet:-1, max-image-preview:large, max-video-preview:-1\" \/>\n<link rel=\"canonical\" href=\"https:\/\/regenagri.org\/hu\/adatvedelmi-politika\/\" \/>\n<meta property=\"og:locale\" content=\"hu_HU\" \/>\n<meta property=\"og:type\" content=\"article\" \/>\n<meta property=\"og:title\" content=\"Privacy policy &#8212; regenagri\" \/>\n<meta property=\"og:description\" content=\"terms and conditions of use &#8211; privacy policy Each party agrees and undertakes to [\u2026]\" \/>\n<meta property=\"og:url\" content=\"https:\/\/regenagri.org\/hu\/adatvedelmi-politika\/\" \/>\n<meta property=\"og:site_name\" content=\"regenagri\" \/>\n<meta property=\"article:modified_time\" content=\"2021-06-08T10:27:30+00:00\" \/>\n<meta property=\"og:image\" content=\"https:\/\/regenagri.org\/wp-content\/uploads\/2025\/07\/regenagri.png\" \/>\n\t<meta property=\"og:image:width\" content=\"1200\" \/>\n\t<meta property=\"og:image:height\" content=\"675\" \/>\n\t<meta property=\"og:image:type\" content=\"image\/png\" \/>\n<meta name=\"twitter:card\" content=\"summary_large_image\" \/>\n<script type=\"application\/ld+json\" class=\"yoast-schema-graph\">{\"@context\":\"https:\\\/\\\/schema.org\",\"@graph\":[{\"@type\":\"WebPage\",\"@id\":\"https:\\\/\\\/regenagri.org\\\/privacy-policy\\\/\",\"url\":\"https:\\\/\\\/regenagri.org\\\/privacy-policy\\\/\",\"name\":\"Privacy policy &#8212; regenagri\",\"isPartOf\":{\"@id\":\"https:\\\/\\\/regenagri.org\\\/#website\"},\"datePublished\":\"2021-05-03T13:11:36+00:00\",\"dateModified\":\"2021-06-08T10:27:30+00:00\",\"breadcrumb\":{\"@id\":\"https:\\\/\\\/regenagri.org\\\/privacy-policy\\\/#breadcrumb\"},\"inLanguage\":\"hu\",\"potentialAction\":[{\"@type\":\"ReadAction\",\"target\":[\"https:\\\/\\\/regenagri.org\\\/privacy-policy\\\/\"]}]},{\"@type\":\"BreadcrumbList\",\"@id\":\"https:\\\/\\\/regenagri.org\\\/privacy-policy\\\/#breadcrumb\",\"itemListElement\":[{\"@type\":\"ListItem\",\"position\":1,\"name\":\"Home\",\"item\":\"https:\\\/\\\/regenagri.org\\\/\"},{\"@type\":\"ListItem\",\"position\":2,\"name\":\"Privacy policy\"}]},{\"@type\":\"WebSite\",\"@id\":\"https:\\\/\\\/regenagri.org\\\/#website\",\"url\":\"https:\\\/\\\/regenagri.org\\\/\",\"name\":\"regenagri\",\"description\":\"\",\"publisher\":{\"@id\":\"https:\\\/\\\/regenagri.org\\\/#organization\"},\"potentialAction\":[{\"@type\":\"SearchAction\",\"target\":{\"@type\":\"EntryPoint\",\"urlTemplate\":\"https:\\\/\\\/regenagri.org\\\/?s={search_term_string}\"},\"query-input\":{\"@type\":\"PropertyValueSpecification\",\"valueRequired\":true,\"valueName\":\"search_term_string\"}}],\"inLanguage\":\"hu\"},{\"@type\":\"Organization\",\"@id\":\"https:\\\/\\\/regenagri.org\\\/#organization\",\"name\":\"regenagri\",\"url\":\"https:\\\/\\\/regenagri.org\\\/\",\"logo\":{\"@type\":\"ImageObject\",\"inLanguage\":\"hu\",\"@id\":\"https:\\\/\\\/regenagri.org\\\/#\\\/schema\\\/logo\\\/image\\\/\",\"url\":\"https:\\\/\\\/regenagri.org\\\/wp-content\\\/uploads\\\/2021\\\/05\\\/regenagri.png\",\"contentUrl\":\"https:\\\/\\\/regenagri.org\\\/wp-content\\\/uploads\\\/2021\\\/05\\\/regenagri.png\",\"width\":1200,\"height\":452,\"caption\":\"regenagri\"},\"image\":{\"@id\":\"https:\\\/\\\/regenagri.org\\\/#\\\/schema\\\/logo\\\/image\\\/\"}}]}<\/script>\n<!-- \/ Yoast SEO plugin. -->","yoast_head_json":{"title":"Adatv\u00e9delmi szab\u00e1lyzat - regenagri","robots":{"index":"index","follow":"follow","max-snippet":"max-snippet:-1","max-image-preview":"max-image-preview:large","max-video-preview":"max-video-preview:-1"},"canonical":"https:\/\/regenagri.org\/hu\/adatvedelmi-politika\/","og_locale":"hu_HU","og_type":"article","og_title":"Privacy policy &#8212; regenagri","og_description":"terms and conditions of use &#8211; privacy policy Each party agrees and undertakes to [\u2026]","og_url":"https:\/\/regenagri.org\/hu\/adatvedelmi-politika\/","og_site_name":"regenagri","article_modified_time":"2021-06-08T10:27:30+00:00","og_image":[{"width":1200,"height":675,"url":"https:\/\/regenagri.org\/wp-content\/uploads\/2025\/07\/regenagri.png","type":"image\/png"}],"twitter_card":"summary_large_image","schema":{"@context":"https:\/\/schema.org","@graph":[{"@type":"WebPage","@id":"https:\/\/regenagri.org\/privacy-policy\/","url":"https:\/\/regenagri.org\/privacy-policy\/","name":"Adatv\u00e9delmi szab\u00e1lyzat - regenagri","isPartOf":{"@id":"https:\/\/regenagri.org\/#website"},"datePublished":"2021-05-03T13:11:36+00:00","dateModified":"2021-06-08T10:27:30+00:00","breadcrumb":{"@id":"https:\/\/regenagri.org\/privacy-policy\/#breadcrumb"},"inLanguage":"hu","potentialAction":[{"@type":"ReadAction","target":["https:\/\/regenagri.org\/privacy-policy\/"]}]},{"@type":"BreadcrumbList","@id":"https:\/\/regenagri.org\/privacy-policy\/#breadcrumb","itemListElement":[{"@type":"ListItem","position":1,"name":"Home","item":"https:\/\/regenagri.org\/"},{"@type":"ListItem","position":2,"name":"Privacy policy"}]},{"@type":"WebSite","@id":"https:\/\/regenagri.org\/#website","url":"https:\/\/regenagri.org\/","name":"regenagri","description":"","publisher":{"@id":"https:\/\/regenagri.org\/#organization"},"potentialAction":[{"@type":"SearchAction","target":{"@type":"EntryPoint","urlTemplate":"https:\/\/regenagri.org\/?s={search_term_string}"},"query-input":{"@type":"PropertyValueSpecification","valueRequired":true,"valueName":"search_term_string"}}],"inLanguage":"hu"},{"@type":"Organization","@id":"https:\/\/regenagri.org\/#organization","name":"regenagri","url":"https:\/\/regenagri.org\/","logo":{"@type":"ImageObject","inLanguage":"hu","@id":"https:\/\/regenagri.org\/#\/schema\/logo\/image\/","url":"https:\/\/regenagri.org\/wp-content\/uploads\/2021\/05\/regenagri.png","contentUrl":"https:\/\/regenagri.org\/wp-content\/uploads\/2021\/05\/regenagri.png","width":1200,"height":452,"caption":"regenagri"},"image":{"@id":"https:\/\/regenagri.org\/#\/schema\/logo\/image\/"}}]}},"_links":{"self":[{"href":"https:\/\/regenagri.org\/hu\/wp-json\/wp\/v2\/pages\/3","targetHints":{"allow":["GET"]}}],"collection":[{"href":"https:\/\/regenagri.org\/hu\/wp-json\/wp\/v2\/pages"}],"about":[{"href":"https:\/\/regenagri.org\/hu\/wp-json\/wp\/v2\/types\/page"}],"author":[{"embeddable":true,"href":"https:\/\/regenagri.org\/hu\/wp-json\/wp\/v2\/users\/1"}],"replies":[{"embeddable":true,"href":"https:\/\/regenagri.org\/hu\/wp-json\/wp\/v2\/comments?post=3"}],"version-history":[{"count":5,"href":"https:\/\/regenagri.org\/hu\/wp-json\/wp\/v2\/pages\/3\/revisions"}],"predecessor-version":[{"id":561,"href":"https:\/\/regenagri.org\/hu\/wp-json\/wp\/v2\/pages\/3\/revisions\/561"}],"wp:attachment":[{"href":"https:\/\/regenagri.org\/hu\/wp-json\/wp\/v2\/media?parent=3"}],"curies":[{"name":"wp","href":"https:\/\/api.w.org\/{rel}","templated":true}]}}