{"id":3,"date":"2021-05-03T14:11:36","date_gmt":"2021-05-03T13:11:36","guid":{"rendered":"http:\/\/regenagri-org.stackstaging.com\/?page_id=3"},"modified":"2021-06-08T11:27:30","modified_gmt":"2021-06-08T10:27:30","slug":"politique-de-confidentialite","status":"publish","type":"page","link":"https:\/\/regenagri.org\/fr\/privacy-policy\/","title":{"rendered":"Politique de confidentialit\u00e9"},"content":{"rendered":"<h1 class=\"wp-block-heading\">conditions d'utilisation - politique de confidentialit\u00e9<\/h1>\n\n\n\n<p>Chaque partie accepte et s'engage envers l'autre \u00e0 respecter certaines obligations, qu'elles soient impos\u00e9es par la loi ou par un contrat, lors de l'ex\u00e9cution des services et en raison de l'acc\u00e8s ou de la fourniture de donn\u00e9es \u00e0 caract\u00e8re personnel (\u201cdonn\u00e9es \u00e0 caract\u00e8re personnel\u201d), \u00e9tant entendu qu'elle doit se conformer aux dispositions de la l\u00e9gislation relative \u00e0 la protection des donn\u00e9es \u00e0 caract\u00e8re personnel (dans la juridiction concern\u00e9e) (\u201cloi\u201d) et \u00e0 ses r\u00e8glements, arr\u00eat\u00e9s, codes de pratique et\/ou toute exigence r\u00e9glementaire relative \u00e0 la loi, qui peut \u00eatre \u00e9mise de temps \u00e0 autre par l'organisme gouvernemental ou r\u00e9glementaire concern\u00e9 dans la juridiction concern\u00e9e en rapport avec les services et l'acc\u00e8s, qui exige qu'une partie soit en possession de et\/ou traite des donn\u00e9es \u00e0 caract\u00e8re personnel. La confidentialit\u00e9 et la s\u00e9curit\u00e9 des donn\u00e9es \u00e9tant importantes pour nous, nous vous invitons \u00e0 lire attentivement la pr\u00e9sente POLITIQUE DE CONFIDENTIALIT\u00c9, car elle contient des informations importantes sur la mani\u00e8re dont nous utiliserons et prot\u00e9gerons l'utilisation des donn\u00e9es. Les parties conviennent que la directive 95\/46\/CE de l'UE sur la protection des donn\u00e9es (la \u201cdirective\u201d) en date du 25 mai 2018, ci-apr\u00e8s d\u00e9nomm\u00e9e \u201cloi sur la protection des donn\u00e9es\u201d, exige un accord \u00e9crit entre les parties (relation entre le \u201ccontr\u00f4leur des donn\u00e9es\u201d et le \u201cresponsable du traitement des donn\u00e9es\u201d). La loi sur la protection des donn\u00e9es s'applique au traitement de tous les types d'informations qui, directement ou indirectement, peuvent \u00eatre attribu\u00e9es \u00e0 une personne vivante.<br>\u200d<br>Dans la pr\u00e9sente relation, le contexte dictera qui doit \u00eatre le contr\u00f4leur de donn\u00e9es et le responsable du traitement des donn\u00e9es, et chaque partie reconna\u00eet le r\u00f4le qui lui est assign\u00e9 et, par cons\u00e9quent, agira conform\u00e9ment \u00e0 ce principe et obtiendra le consentement n\u00e9cessaire pour traiter les donn\u00e9es \u00e0 caract\u00e8re personnel. <\/p>\n\n\n\n<p>Dans ce cas:-<\/p>\n\n\n\n<ul class=\"wp-block-list\"><li>Chaque partie doit se conformer \u00e0 ses obligations en tant que responsable du traitement des donn\u00e9es ou sous-traitant.<\/li><li>Une partie reconna\u00eet et accepte que les donn\u00e9es \u00e0 caract\u00e8re personnel puissent \u00eatre transf\u00e9r\u00e9es ou stock\u00e9es en dehors de la juridiction dans laquelle elles se trouvent et pour ex\u00e9cuter l'obligation prescrite dans les CG et\/ou la POLITIQUE DE CONFIDENTIALIT\u00c9.<\/li><li>Lorsque les donn\u00e9es \u00e0 caract\u00e8re personnel doivent \u00eatre transf\u00e9r\u00e9es ou stock\u00e9es en dehors de l'UE ou du lieu o\u00f9 se trouve un serveur, que ce soit par l'une ou l'autre des parties ou par les deux, la ou les parties qui transmettent ou transf\u00e8rent les donn\u00e9es doivent en outre se conformer aux exigences de la l\u00e9gislation sur la protection des donn\u00e9es en vigueur dans la juridiction cible o\u00f9 les donn\u00e9es \u00e0 caract\u00e8re personnel sont transmises ou transf\u00e9r\u00e9es.<\/li><li>Si la juridiction cible n'a pas de l\u00e9gislation sur la protection des donn\u00e9es en place ou en vigueur, ou si le niveau de protection fourni par la l\u00e9gislation sur la protection des donn\u00e9es de la juridiction cible est moins qu'\u00e9quivalent aux exigences de la loi sur la protection des donn\u00e9es, les dispositions de la loi sur la protection des donn\u00e9es s'appliquent automatiquement et les parties doivent en outre prendre toutes les pr\u00e9cautions raisonnables et faire preuve de diligence pour s'assurer que (i) le responsable du traitement des donn\u00e9es dans la juridiction cible se conforme \u00e0 toutes les exigences de la loi et que les donn\u00e9es \u00e0 caract\u00e8re personnel ne sont pas trait\u00e9es d'une mani\u00e8re qui contrevient \u00e0 la loi sur la protection des donn\u00e9es.<\/li><li>que le traitement, y compris le transfert lui-m\u00eame, des donn\u00e9es \u00e0 caract\u00e8re personnel a \u00e9t\u00e9 et continuera d'\u00eatre effectu\u00e9 conform\u00e9ment \u00e0 la disposition pertinente de la loi sur la protection des donn\u00e9es applicable.<\/li><li>qu'apr\u00e8s \u00e9valuation des exigences de la l\u00e9gislation applicable en mati\u00e8re de protection des donn\u00e9es, les mesures de s\u00e9curit\u00e9 sont appropri\u00e9es pour prot\u00e9ger les donn\u00e9es \u00e0 caract\u00e8re personnel contre la destruction accidentelle ou illicite, la perte accidentelle, l'alt\u00e9ration, la diffusion ou l'acc\u00e8s non autoris\u00e9s, notamment lorsque le traitement implique la transmission de donn\u00e9es \u00e0 caract\u00e8re personnel sur un r\u00e9seau, et contre toute autre forme illicite de traitement, et que ces mesures assurent un niveau de s\u00e9curit\u00e9 appropri\u00e9 au regard des risques pr\u00e9sent\u00e9s par le traitement et de la nature des donn\u00e9es \u00e0 caract\u00e8re personnel \u00e0 prot\u00e9ger, compte tenu de l'\u00e9tat de la technologie et du co\u00fbt de la mise en \u0153uvre.<\/li><li>Une partie doit s'assurer qu'elle a le droit de transf\u00e9rer les donn\u00e9es \u00e0 caract\u00e8re personnel pertinentes \u00e0 la contrepartie afin qu'elle puisse l\u00e9galement utiliser, traiter et transf\u00e9rer les donn\u00e9es \u00e0 caract\u00e8re personnel conform\u00e9ment \u00e0 ses obligations, conform\u00e9ment \u00e0 la pr\u00e9sente POLITIQUE DE CONFIDENTIALIT\u00c9. Si, en vertu de la loi sur la protection des donn\u00e9es, lorsque le contexte le permet (que ce soit en tant que contr\u00f4leur ou processeur de donn\u00e9es), un affili\u00e9 d'une partie peut \u00eatre conjointement ou solidairement responsable d'une violation, chaque partie d\u00e9clare et garantit qu'elle est (i) autoris\u00e9e \u00e0 donner des instructions ou \u00e0 agir d'une autre mani\u00e8re au nom de cette partie, en ce qui concerne les donn\u00e9es \u00e0 caract\u00e8re personnel d\u00e9crites dans la pr\u00e9sente POLITIQUE DE CONFIDENTIALIT\u00c9, et \u00e0 lier cette entit\u00e9 \u00e0 la pr\u00e9sente politique de confidentialit\u00e9<\/li><li>Une partie s'assure que les tiers concern\u00e9s ont \u00e9t\u00e9 inform\u00e9s de cette utilisation, de ce traitement et de ce transfert et qu'ils y ont consenti, conform\u00e9ment \u00e0 la l\u00e9gislation applicable en mati\u00e8re de protection des donn\u00e9es.<\/li><li>Une partie traitera les donn\u00e9es \u00e0 caract\u00e8re personnel uniquement conform\u00e9ment \u00e0 la pr\u00e9sente POLITIQUE DE CONFIDENTIALIT\u00c9 et ne traitera pas les donn\u00e9es \u00e0 caract\u00e8re personnel \u00e0 d'autres fins.<\/li><li>Les donn\u00e9es \u00e0 caract\u00e8re personnel peuvent \u00eatre divulgu\u00e9es aux autorit\u00e9s charg\u00e9es de l'application de la loi, \u00e0 des organismes de r\u00e9glementation ou \u00e0 d'autres organismes gouvernementaux, ou \u00e0 d'autres tiers, dans chaque cas pour se conformer \u00e0 des obligations ou \u00e0 des demandes l\u00e9gales, r\u00e9glementaires ou relatives \u00e0 la s\u00e9curit\u00e9 nationale.<\/li><\/ul>\n\n\n\n<p><strong>Passif<\/strong><\/p>\n\n\n\n<p>Les deux parties conviennent et reconnaissent qu'elles d\u00e9gagent et indemnisent l'autre partie, ses employ\u00e9s, dirigeants, administrateurs, agents, pr\u00e9pos\u00e9s, sous-traitants et toute autre personne autoris\u00e9e par l'autre partie de toutes les r\u00e9clamations, actions et demandes (y compris les frais de d\u00e9fense ou de r\u00e8glement de toute r\u00e9clamation, action ou demande) qui pourraient \u00eatre intent\u00e9es contre l'autre partie en raison d'une violation de la pr\u00e9sente POLITIQUE DE CONFIDENTIALIT\u00c9 et des lois et\/ou r\u00e8glements applicables par l'autre partie ou en raison de l'action, de l'inaction ou de la n\u00e9gligence de l'autre partie de ses dirigeants, pr\u00e9pos\u00e9s, agents, sous-traitants et de toute autre personne autoris\u00e9e par l'autre partie, le cas \u00e9ch\u00e9ant, ou de toute autre personne dont les actes ou omissions engagent la responsabilit\u00e9 de l'autre partie \u00e0 titre principal ou indirect.<\/p>\n\n\n\n<p><strong>Modifications de la protection de la vie priv\u00e9e<\/strong><\/p>\n\n\n\n<p><strong>\u200d<\/strong>La Soci\u00e9t\u00e9 peut occasionnellement, \u00e0 sa seule discr\u00e9tion, apporter des modifications \u00e0 la pr\u00e9sente POLITIQUE DE CONFIDENTIALIT\u00c9. Lorsque des modifications importantes sont apport\u00e9es \u00e0 la POLITIQUE DE CONFIDENTIALIT\u00c9, la Soci\u00e9t\u00e9 en informera la contrepartie par \u00e9crit OU, le cas \u00e9ch\u00e9ant, en pla\u00e7ant un avis clair dans regenagri ou en envoyant un courrier \u00e9lectronique. Dans certains cas, la Soci\u00e9t\u00e9 informera la contrepartie \u00e0 l'avance ; si tel est le cas, l'utilisation continue de regenagri par la contrepartie apr\u00e8s les modifications signifie qu'elle accepte ces modifications. Nous vous conseillons vivement de lire attentivement les notifications. <\/p>\n\n\n\n<p>Pour toute question, commentaire ou inqui\u00e9tude concernant le traitement des donn\u00e9es personnelles, veuillez nous contacter <\/p>\n\n\n\n<div class=\"wp-block-buttons is-layout-flex wp-block-buttons-is-layout-flex\">\n<div class=\"wp-block-button\"><a class=\"wp-block-button__link\" href=\"https:\/\/regenagri.org\/fr\/nous-contacter\/\">Contactez nous<\/a><\/div>\n<\/div>","protected":false},"excerpt":{"rendered":"<p>terms and conditions of use &#8211; privacy policy Each party agrees and undertakes to [\u2026]<\/p>\n","protected":false},"author":1,"featured_media":0,"parent":0,"menu_order":0,"comment_status":"closed","ping_status":"closed","template":"","meta":{"_acf_changed":false,"footnotes":""},"class_list":["post-3","page","type-page","status-publish","hentry"],"acf":[],"yoast_head":"<!-- This site is optimized with the Yoast SEO plugin v27.4 - https:\/\/yoast.com\/product\/yoast-seo-wordpress\/ -->\n<title>Privacy policy &#8212; regenagri<\/title>\n<meta name=\"robots\" content=\"index, follow, max-snippet:-1, max-image-preview:large, max-video-preview:-1\" \/>\n<link rel=\"canonical\" href=\"https:\/\/regenagri.org\/fr\/politique-de-confidentialite\/\" \/>\n<meta property=\"og:locale\" content=\"fr_FR\" \/>\n<meta property=\"og:type\" content=\"article\" \/>\n<meta property=\"og:title\" content=\"Privacy policy &#8212; regenagri\" \/>\n<meta property=\"og:description\" content=\"terms and conditions of use &#8211; privacy policy Each party agrees and undertakes to [\u2026]\" \/>\n<meta property=\"og:url\" content=\"https:\/\/regenagri.org\/fr\/politique-de-confidentialite\/\" \/>\n<meta property=\"og:site_name\" content=\"regenagri\" \/>\n<meta property=\"article:modified_time\" content=\"2021-06-08T10:27:30+00:00\" \/>\n<meta property=\"og:image\" content=\"https:\/\/regenagri.org\/wp-content\/uploads\/2025\/07\/regenagri.png\" \/>\n\t<meta property=\"og:image:width\" content=\"1200\" \/>\n\t<meta property=\"og:image:height\" content=\"675\" \/>\n\t<meta property=\"og:image:type\" content=\"image\/png\" \/>\n<meta name=\"twitter:card\" content=\"summary_large_image\" \/>\n<script type=\"application\/ld+json\" class=\"yoast-schema-graph\">{\"@context\":\"https:\\\/\\\/schema.org\",\"@graph\":[{\"@type\":\"WebPage\",\"@id\":\"https:\\\/\\\/regenagri.org\\\/privacy-policy\\\/\",\"url\":\"https:\\\/\\\/regenagri.org\\\/privacy-policy\\\/\",\"name\":\"Privacy policy &#8212; regenagri\",\"isPartOf\":{\"@id\":\"https:\\\/\\\/regenagri.org\\\/#website\"},\"datePublished\":\"2021-05-03T13:11:36+00:00\",\"dateModified\":\"2021-06-08T10:27:30+00:00\",\"breadcrumb\":{\"@id\":\"https:\\\/\\\/regenagri.org\\\/privacy-policy\\\/#breadcrumb\"},\"inLanguage\":\"fr-FR\",\"potentialAction\":[{\"@type\":\"ReadAction\",\"target\":[\"https:\\\/\\\/regenagri.org\\\/privacy-policy\\\/\"]}]},{\"@type\":\"BreadcrumbList\",\"@id\":\"https:\\\/\\\/regenagri.org\\\/privacy-policy\\\/#breadcrumb\",\"itemListElement\":[{\"@type\":\"ListItem\",\"position\":1,\"name\":\"Home\",\"item\":\"https:\\\/\\\/regenagri.org\\\/\"},{\"@type\":\"ListItem\",\"position\":2,\"name\":\"Privacy policy\"}]},{\"@type\":\"WebSite\",\"@id\":\"https:\\\/\\\/regenagri.org\\\/#website\",\"url\":\"https:\\\/\\\/regenagri.org\\\/\",\"name\":\"regenagri\",\"description\":\"\",\"publisher\":{\"@id\":\"https:\\\/\\\/regenagri.org\\\/#organization\"},\"potentialAction\":[{\"@type\":\"SearchAction\",\"target\":{\"@type\":\"EntryPoint\",\"urlTemplate\":\"https:\\\/\\\/regenagri.org\\\/?s={search_term_string}\"},\"query-input\":{\"@type\":\"PropertyValueSpecification\",\"valueRequired\":true,\"valueName\":\"search_term_string\"}}],\"inLanguage\":\"fr-FR\"},{\"@type\":\"Organization\",\"@id\":\"https:\\\/\\\/regenagri.org\\\/#organization\",\"name\":\"regenagri\",\"url\":\"https:\\\/\\\/regenagri.org\\\/\",\"logo\":{\"@type\":\"ImageObject\",\"inLanguage\":\"fr-FR\",\"@id\":\"https:\\\/\\\/regenagri.org\\\/#\\\/schema\\\/logo\\\/image\\\/\",\"url\":\"https:\\\/\\\/regenagri.org\\\/wp-content\\\/uploads\\\/2021\\\/05\\\/regenagri.png\",\"contentUrl\":\"https:\\\/\\\/regenagri.org\\\/wp-content\\\/uploads\\\/2021\\\/05\\\/regenagri.png\",\"width\":1200,\"height\":452,\"caption\":\"regenagri\"},\"image\":{\"@id\":\"https:\\\/\\\/regenagri.org\\\/#\\\/schema\\\/logo\\\/image\\\/\"}}]}<\/script>\n<!-- \/ Yoast SEO plugin. -->","yoast_head_json":{"title":"Politique de confidentialit\u00e9 - regenagri","robots":{"index":"index","follow":"follow","max-snippet":"max-snippet:-1","max-image-preview":"max-image-preview:large","max-video-preview":"max-video-preview:-1"},"canonical":"https:\/\/regenagri.org\/fr\/politique-de-confidentialite\/","og_locale":"fr_FR","og_type":"article","og_title":"Privacy policy &#8212; regenagri","og_description":"terms and conditions of use &#8211; privacy policy Each party agrees and undertakes to [\u2026]","og_url":"https:\/\/regenagri.org\/fr\/politique-de-confidentialite\/","og_site_name":"regenagri","article_modified_time":"2021-06-08T10:27:30+00:00","og_image":[{"width":1200,"height":675,"url":"https:\/\/regenagri.org\/wp-content\/uploads\/2025\/07\/regenagri.png","type":"image\/png"}],"twitter_card":"summary_large_image","schema":{"@context":"https:\/\/schema.org","@graph":[{"@type":"WebPage","@id":"https:\/\/regenagri.org\/privacy-policy\/","url":"https:\/\/regenagri.org\/privacy-policy\/","name":"Politique de confidentialit\u00e9 - regenagri","isPartOf":{"@id":"https:\/\/regenagri.org\/#website"},"datePublished":"2021-05-03T13:11:36+00:00","dateModified":"2021-06-08T10:27:30+00:00","breadcrumb":{"@id":"https:\/\/regenagri.org\/privacy-policy\/#breadcrumb"},"inLanguage":"fr-FR","potentialAction":[{"@type":"ReadAction","target":["https:\/\/regenagri.org\/privacy-policy\/"]}]},{"@type":"BreadcrumbList","@id":"https:\/\/regenagri.org\/privacy-policy\/#breadcrumb","itemListElement":[{"@type":"ListItem","position":1,"name":"Home","item":"https:\/\/regenagri.org\/"},{"@type":"ListItem","position":2,"name":"Privacy policy"}]},{"@type":"WebSite","@id":"https:\/\/regenagri.org\/#website","url":"https:\/\/regenagri.org\/","name":"regenagri","description":"","publisher":{"@id":"https:\/\/regenagri.org\/#organization"},"potentialAction":[{"@type":"SearchAction","target":{"@type":"EntryPoint","urlTemplate":"https:\/\/regenagri.org\/?s={search_term_string}"},"query-input":{"@type":"PropertyValueSpecification","valueRequired":true,"valueName":"search_term_string"}}],"inLanguage":"fr-FR"},{"@type":"Organization","@id":"https:\/\/regenagri.org\/#organization","name":"regenagri","url":"https:\/\/regenagri.org\/","logo":{"@type":"ImageObject","inLanguage":"fr-FR","@id":"https:\/\/regenagri.org\/#\/schema\/logo\/image\/","url":"https:\/\/regenagri.org\/wp-content\/uploads\/2021\/05\/regenagri.png","contentUrl":"https:\/\/regenagri.org\/wp-content\/uploads\/2021\/05\/regenagri.png","width":1200,"height":452,"caption":"regenagri"},"image":{"@id":"https:\/\/regenagri.org\/#\/schema\/logo\/image\/"}}]}},"_links":{"self":[{"href":"https:\/\/regenagri.org\/fr\/wp-json\/wp\/v2\/pages\/3","targetHints":{"allow":["GET"]}}],"collection":[{"href":"https:\/\/regenagri.org\/fr\/wp-json\/wp\/v2\/pages"}],"about":[{"href":"https:\/\/regenagri.org\/fr\/wp-json\/wp\/v2\/types\/page"}],"author":[{"embeddable":true,"href":"https:\/\/regenagri.org\/fr\/wp-json\/wp\/v2\/users\/1"}],"replies":[{"embeddable":true,"href":"https:\/\/regenagri.org\/fr\/wp-json\/wp\/v2\/comments?post=3"}],"version-history":[{"count":5,"href":"https:\/\/regenagri.org\/fr\/wp-json\/wp\/v2\/pages\/3\/revisions"}],"predecessor-version":[{"id":561,"href":"https:\/\/regenagri.org\/fr\/wp-json\/wp\/v2\/pages\/3\/revisions\/561"}],"wp:attachment":[{"href":"https:\/\/regenagri.org\/fr\/wp-json\/wp\/v2\/media?parent=3"}],"curies":[{"name":"wp","href":"https:\/\/api.w.org\/{rel}","templated":true}]}}