{"id":3,"date":"2021-05-03T14:11:36","date_gmt":"2021-05-03T13:11:36","guid":{"rendered":"http:\/\/regenagri-org.stackstaging.com\/?page_id=3"},"modified":"2021-06-08T11:27:30","modified_gmt":"2021-06-08T10:27:30","slug":"politica-de-privacidad","status":"publish","type":"page","link":"https:\/\/regenagri.org\/es\/privacy-policy\/","title":{"rendered":"Pol\u00edtica de privacidad"},"content":{"rendered":"<h1 class=\"wp-block-heading\">condiciones de uso - pol\u00edtica de privacidad<\/h1>\n\n\n\n<p>Cada una de las partes acepta y se compromete con la otra a cumplir determinadas obligaciones, ya sean impuestas por ley o por contrato, durante la prestaci\u00f3n de los Servicios y debido al acceso o suministro de datos personales (\u201cDatos Personales\u201d), siempre y cuando cumpla con lo dispuesto en la legislaci\u00f3n pertinente sobre protecci\u00f3n de datos personales (en la jurisdicci\u00f3n pertinente) (\u201cLey\u201d) y sus reglamentos, estatutos, c\u00f3digos de pr\u00e1cticas y\/o cualquier requisito normativo relativo a la Ley, que pueda ser emitido de vez en cuando por el organismo gubernamental o regulador pertinente en la jurisdicci\u00f3n pertinente en relaci\u00f3n con los Servicios y el Acceso, que requiera que una parte est\u00e9 en posesi\u00f3n de y\/o procese datos personales. Dado que consideramos que la privacidad y la seguridad de los datos son importantes para nosotros, le instamos a que lea detenidamente esta POL\u00cdTICA DE PRIVACIDAD, ya que contiene informaci\u00f3n importante sobre c\u00f3mo utilizaremos y protegeremos el uso de los datos. Las partes acuerdan que la Directiva de Protecci\u00f3n de Datos de la UE 95\/46\/CE (la \u201cDirectiva\u201d) a partir del 25 de mayo de 2018, en adelante \u201cLey de Protecci\u00f3n de Datos\u201d, requiere un acuerdo por escrito entre las partes (relaci\u00f3n \u201cControlador de Datos\u201d y \u201cProcesador de Datos\u201d). La Ley de Protecci\u00f3n de Datos se aplica al tratamiento de todo tipo de informaci\u00f3n que pueda atribuirse directa o indirectamente a una persona viva.<br>\u200d<br>En la presente relaci\u00f3n, el contexto dictar\u00e1 qui\u00e9n debe ser el Controlador de Datos y el Procesador de Datos y cada parte reconoce el papel asignado y, en consecuencia, actuar\u00e1 de forma coherente con dicha premisa y obtendr\u00e1 el consentimiento necesario, con el fin de procesar los Datos Personales. <\/p>\n\n\n\n<p>En tal caso:-<\/p>\n\n\n\n<ul class=\"wp-block-list\"><li>Cada una de las partes cumplir\u00e1 con sus obligaciones como Responsable del tratamiento o como Encargado del tratamiento.<\/li><li>Una parte reconoce y acepta que los Datos Personales pueden ser transferidos o almacenados fuera de la jurisdicci\u00f3n en la que se encuentra y para llevar a cabo la obligaci\u00f3n prescrita en los T&amp;C y\/o la POL\u00cdTICA DE PRIVACIDAD.<\/li><li>Cuando se requiera que los Datos Personales sean transferidos o almacenados fuera de la UE o donde se encuentre un servidor, ya sea por una de las Partes o por ambas, la parte o partes transmisoras o transferentes deber\u00e1n cumplir adicionalmente con el requisito de la legislaci\u00f3n de protecci\u00f3n de datos pertinente en la jurisdicci\u00f3n de destino donde los datos personales sean transmitidos o transferidos.<\/li><li>En el caso de que la jurisdicci\u00f3n de destino no tenga ninguna legislaci\u00f3n de protecci\u00f3n de datos establecida o en vigor, o el nivel de protecci\u00f3n proporcionado por la legislaci\u00f3n de protecci\u00f3n de datos de la jurisdicci\u00f3n de destino sea menos que equivalente a los requisitos de la Ley de Protecci\u00f3n de Datos, la disposici\u00f3n de la Ley de Protecci\u00f3n de Datos se aplicar\u00e1 autom\u00e1ticamente y las partes tomar\u00e1n adem\u00e1s todas las precauciones razonables y la diligencia debida para garantizar que (i) el procesador de datos en la jurisdicci\u00f3n de destino cumplir\u00e1 con todos los requisitos de la ley; y los Datos Personales no se procesar\u00e1n de ninguna manera que contravenga la Ley de Protecci\u00f3n de Datos.<\/li><li>Que el tratamiento, incluida la propia transferencia, de los datos personales se ha realizado y se seguir\u00e1 realizando de conformidad con la disposici\u00f3n pertinente de la Ley de Protecci\u00f3n de Datos aplicable.<\/li><li>Que tras la evaluaci\u00f3n de los requisitos de la Ley de Protecci\u00f3n de Datos aplicable, las medidas de seguridad son apropiadas para proteger los Datos Personales contra la destrucci\u00f3n accidental o il\u00edcita o, la p\u00e9rdida accidental, la alteraci\u00f3n, la difusi\u00f3n o el acceso no autorizados, en particular cuando el tratamiento implica la transmisi\u00f3n de Datos Personales a trav\u00e9s de una red, y contra cualquier otra forma il\u00edcita de tratamiento, y que dichas medidas garantizan un nivel de seguridad adecuado a los riesgos que presenta el tratamiento y a la naturaleza de los Datos Personales que deben protegerse, habida cuenta del estado de la tecnolog\u00eda y del coste de su aplicaci\u00f3n.<\/li><li>Una Parte se asegurar\u00e1 de que tiene derecho a transferir los Datos Personales pertinentes a la contraparte para que pueda utilizar, procesar y transferir legalmente los datos personales de conformidad con sus obligaciones, de acuerdo con la presente POL\u00cdTICA DE PRIVACIDAD. Si en virtud de la ley de Protecci\u00f3n de Datos, cuando el contexto lo permita (ya sea como Controlador de Datos o Procesador de Datos) una filial de una Parte puede ser conjunta o solidariamente responsable con respecto a un incumplimiento, por lo tanto, cada Parte declara y garantiza que est\u00e1 (i) autorizada para dar instrucciones o actuar de otro modo en nombre de dicha parte, en relaci\u00f3n con los Datos Personales descritos en esta POL\u00cdTICA DE PRIVACIDAD, vincular a dicha entidad a esta pol\u00edtica de privacidad<\/li><li>Una Parte se asegurar\u00e1 de que los terceros pertinentes hayan sido informados y hayan dado su consentimiento a dicho uso, tratamiento y transferencia, tal y como exige toda la legislaci\u00f3n aplicable en materia de protecci\u00f3n de datos.<\/li><li>Una Parte tratar\u00e1 los Datos Personales \u00fanicamente de conformidad con la presente POL\u00cdTICA DE PRIVACIDAD y no tratar\u00e1 los Datos Personales para ning\u00fan otro fin.<\/li><li>Los Datos Personales podr\u00e1n ser revelados a organismos encargados de la aplicaci\u00f3n de la ley, organismos reguladores u otros organismos gubernamentales, o a otros Terceros, en cada caso para cumplir con obligaciones o peticiones legales, reguladoras o de seguridad nacional.<\/li><\/ul>\n\n\n\n<p><strong>Pasivo<\/strong><\/p>\n\n\n\n<p>Ambas Partes acuerdan y reconocen que eximir\u00e1n e indemnizar\u00e1n a la otra Parte, sus empleados, directivos, directores, agentes, empleados, subcontratistas y cualquier otra persona autorizada por la otra Parte frente a todas las reclamaciones, acciones y demandas (incluidos los costes de defensa o resoluci\u00f3n de cualquier reclamaci\u00f3n, acciones o demandas) que puedan ser interpuestas contra la otra Parte como consecuencia del incumplimiento de la presente POL\u00cdTICA DE PRIVACIDAD y de las leyes y\/o reglamentos aplicables por la otra Parte o como resultado de la acci\u00f3n, inactividad o negligencia de la otra Parte por parte de sus funcionarios, empleados, agentes, subcontratistas y cualquier otra persona autorizada por la otra Parte, en su caso, o cualquier otra persona por cuyos actos u omisiones la otra Parte sea responsable subsidiaria o principal.<\/p>\n\n\n\n<p><strong>Cambios en la pol\u00edtica de privacidad<\/strong><\/p>\n\n\n\n<p><strong>\u200d<\/strong>Pol\u00edtica De vez en cuando la Compa\u00f1\u00eda puede, a su sola discreci\u00f3n, hacer cambios a esta POL\u00cdTICA DE PRIVACIDAD. Cuando se realicen cambios materiales a la POL\u00cdTICA DE PRIVACIDAD, la Compa\u00f1\u00eda notificar\u00e1 a la contraparte por escrito O, cuando sea apropiado, colocando un aviso claro en regenagri o enviando un correo electr\u00f3nico. En algunos casos la Empresa notificar\u00e1 a la contraparte con antelaci\u00f3n, si ese es el caso, el uso continuado de regenagri por parte de la contraparte despu\u00e9s de los cambios significa la aceptaci\u00f3n de estos cambios. Por la presente le instamos a que lea atentamente las notificaciones. <\/p>\n\n\n\n<p>Si tiene preguntas, comentarios o dudas sobre el tratamiento de sus datos personales, p\u00f3ngase en contacto con nosotros <\/p>\n\n\n\n<div class=\"wp-block-buttons is-layout-flex wp-block-buttons-is-layout-flex\">\n<div class=\"wp-block-button\"><a class=\"wp-block-button__link\" href=\"https:\/\/regenagri.org\/es\/contacto\/\">P\u00f3ngase en contacto con nosotros<\/a><\/div>\n<\/div>","protected":false},"excerpt":{"rendered":"<p>terms and conditions of use &#8211; privacy policy Each party agrees and undertakes to [\u2026]<\/p>\n","protected":false},"author":1,"featured_media":0,"parent":0,"menu_order":0,"comment_status":"closed","ping_status":"closed","template":"","meta":{"_acf_changed":false,"footnotes":""},"class_list":["post-3","page","type-page","status-publish","hentry"],"acf":[],"yoast_head":"<!-- This site is optimized with the Yoast SEO plugin v27.4 - https:\/\/yoast.com\/product\/yoast-seo-wordpress\/ -->\n<title>Privacy policy &#8212; regenagri<\/title>\n<meta name=\"robots\" content=\"index, follow, max-snippet:-1, max-image-preview:large, max-video-preview:-1\" \/>\n<link rel=\"canonical\" href=\"https:\/\/regenagri.org\/es\/politica-de-privacidad\/\" \/>\n<meta property=\"og:locale\" content=\"es_ES\" \/>\n<meta property=\"og:type\" content=\"article\" \/>\n<meta property=\"og:title\" content=\"Privacy policy &#8212; regenagri\" \/>\n<meta property=\"og:description\" content=\"terms and conditions of use &#8211; privacy policy Each party agrees and undertakes to [\u2026]\" \/>\n<meta property=\"og:url\" content=\"https:\/\/regenagri.org\/es\/politica-de-privacidad\/\" \/>\n<meta property=\"og:site_name\" content=\"regenagri\" \/>\n<meta property=\"article:modified_time\" content=\"2021-06-08T10:27:30+00:00\" \/>\n<meta property=\"og:image\" content=\"https:\/\/regenagri.org\/wp-content\/uploads\/2025\/07\/regenagri.png\" \/>\n\t<meta property=\"og:image:width\" content=\"1200\" \/>\n\t<meta property=\"og:image:height\" content=\"675\" \/>\n\t<meta property=\"og:image:type\" content=\"image\/png\" \/>\n<meta name=\"twitter:card\" content=\"summary_large_image\" \/>\n<script type=\"application\/ld+json\" class=\"yoast-schema-graph\">{\"@context\":\"https:\\\/\\\/schema.org\",\"@graph\":[{\"@type\":\"WebPage\",\"@id\":\"https:\\\/\\\/regenagri.org\\\/privacy-policy\\\/\",\"url\":\"https:\\\/\\\/regenagri.org\\\/privacy-policy\\\/\",\"name\":\"Privacy policy &#8212; regenagri\",\"isPartOf\":{\"@id\":\"https:\\\/\\\/regenagri.org\\\/#website\"},\"datePublished\":\"2021-05-03T13:11:36+00:00\",\"dateModified\":\"2021-06-08T10:27:30+00:00\",\"breadcrumb\":{\"@id\":\"https:\\\/\\\/regenagri.org\\\/privacy-policy\\\/#breadcrumb\"},\"inLanguage\":\"es\",\"potentialAction\":[{\"@type\":\"ReadAction\",\"target\":[\"https:\\\/\\\/regenagri.org\\\/privacy-policy\\\/\"]}]},{\"@type\":\"BreadcrumbList\",\"@id\":\"https:\\\/\\\/regenagri.org\\\/privacy-policy\\\/#breadcrumb\",\"itemListElement\":[{\"@type\":\"ListItem\",\"position\":1,\"name\":\"Home\",\"item\":\"https:\\\/\\\/regenagri.org\\\/\"},{\"@type\":\"ListItem\",\"position\":2,\"name\":\"Privacy policy\"}]},{\"@type\":\"WebSite\",\"@id\":\"https:\\\/\\\/regenagri.org\\\/#website\",\"url\":\"https:\\\/\\\/regenagri.org\\\/\",\"name\":\"regenagri\",\"description\":\"\",\"publisher\":{\"@id\":\"https:\\\/\\\/regenagri.org\\\/#organization\"},\"potentialAction\":[{\"@type\":\"SearchAction\",\"target\":{\"@type\":\"EntryPoint\",\"urlTemplate\":\"https:\\\/\\\/regenagri.org\\\/?s={search_term_string}\"},\"query-input\":{\"@type\":\"PropertyValueSpecification\",\"valueRequired\":true,\"valueName\":\"search_term_string\"}}],\"inLanguage\":\"es\"},{\"@type\":\"Organization\",\"@id\":\"https:\\\/\\\/regenagri.org\\\/#organization\",\"name\":\"regenagri\",\"url\":\"https:\\\/\\\/regenagri.org\\\/\",\"logo\":{\"@type\":\"ImageObject\",\"inLanguage\":\"es\",\"@id\":\"https:\\\/\\\/regenagri.org\\\/#\\\/schema\\\/logo\\\/image\\\/\",\"url\":\"https:\\\/\\\/regenagri.org\\\/wp-content\\\/uploads\\\/2021\\\/05\\\/regenagri.png\",\"contentUrl\":\"https:\\\/\\\/regenagri.org\\\/wp-content\\\/uploads\\\/2021\\\/05\\\/regenagri.png\",\"width\":1200,\"height\":452,\"caption\":\"regenagri\"},\"image\":{\"@id\":\"https:\\\/\\\/regenagri.org\\\/#\\\/schema\\\/logo\\\/image\\\/\"}}]}<\/script>\n<!-- \/ Yoast SEO plugin. -->","yoast_head_json":{"title":"Pol\u00edtica de privacidad - regenagri","robots":{"index":"index","follow":"follow","max-snippet":"max-snippet:-1","max-image-preview":"max-image-preview:large","max-video-preview":"max-video-preview:-1"},"canonical":"https:\/\/regenagri.org\/es\/politica-de-privacidad\/","og_locale":"es_ES","og_type":"article","og_title":"Privacy policy &#8212; regenagri","og_description":"terms and conditions of use &#8211; privacy policy Each party agrees and undertakes to [\u2026]","og_url":"https:\/\/regenagri.org\/es\/politica-de-privacidad\/","og_site_name":"regenagri","article_modified_time":"2021-06-08T10:27:30+00:00","og_image":[{"width":1200,"height":675,"url":"https:\/\/regenagri.org\/wp-content\/uploads\/2025\/07\/regenagri.png","type":"image\/png"}],"twitter_card":"summary_large_image","schema":{"@context":"https:\/\/schema.org","@graph":[{"@type":"WebPage","@id":"https:\/\/regenagri.org\/privacy-policy\/","url":"https:\/\/regenagri.org\/privacy-policy\/","name":"Pol\u00edtica de privacidad - regenagri","isPartOf":{"@id":"https:\/\/regenagri.org\/#website"},"datePublished":"2021-05-03T13:11:36+00:00","dateModified":"2021-06-08T10:27:30+00:00","breadcrumb":{"@id":"https:\/\/regenagri.org\/privacy-policy\/#breadcrumb"},"inLanguage":"es","potentialAction":[{"@type":"ReadAction","target":["https:\/\/regenagri.org\/privacy-policy\/"]}]},{"@type":"BreadcrumbList","@id":"https:\/\/regenagri.org\/privacy-policy\/#breadcrumb","itemListElement":[{"@type":"ListItem","position":1,"name":"Home","item":"https:\/\/regenagri.org\/"},{"@type":"ListItem","position":2,"name":"Privacy policy"}]},{"@type":"WebSite","@id":"https:\/\/regenagri.org\/#website","url":"https:\/\/regenagri.org\/","name":"regenagri","description":"","publisher":{"@id":"https:\/\/regenagri.org\/#organization"},"potentialAction":[{"@type":"SearchAction","target":{"@type":"EntryPoint","urlTemplate":"https:\/\/regenagri.org\/?s={search_term_string}"},"query-input":{"@type":"PropertyValueSpecification","valueRequired":true,"valueName":"search_term_string"}}],"inLanguage":"es"},{"@type":"Organization","@id":"https:\/\/regenagri.org\/#organization","name":"regenagri","url":"https:\/\/regenagri.org\/","logo":{"@type":"ImageObject","inLanguage":"es","@id":"https:\/\/regenagri.org\/#\/schema\/logo\/image\/","url":"https:\/\/regenagri.org\/wp-content\/uploads\/2021\/05\/regenagri.png","contentUrl":"https:\/\/regenagri.org\/wp-content\/uploads\/2021\/05\/regenagri.png","width":1200,"height":452,"caption":"regenagri"},"image":{"@id":"https:\/\/regenagri.org\/#\/schema\/logo\/image\/"}}]}},"_links":{"self":[{"href":"https:\/\/regenagri.org\/es\/wp-json\/wp\/v2\/pages\/3","targetHints":{"allow":["GET"]}}],"collection":[{"href":"https:\/\/regenagri.org\/es\/wp-json\/wp\/v2\/pages"}],"about":[{"href":"https:\/\/regenagri.org\/es\/wp-json\/wp\/v2\/types\/page"}],"author":[{"embeddable":true,"href":"https:\/\/regenagri.org\/es\/wp-json\/wp\/v2\/users\/1"}],"replies":[{"embeddable":true,"href":"https:\/\/regenagri.org\/es\/wp-json\/wp\/v2\/comments?post=3"}],"version-history":[{"count":5,"href":"https:\/\/regenagri.org\/es\/wp-json\/wp\/v2\/pages\/3\/revisions"}],"predecessor-version":[{"id":561,"href":"https:\/\/regenagri.org\/es\/wp-json\/wp\/v2\/pages\/3\/revisions\/561"}],"wp:attachment":[{"href":"https:\/\/regenagri.org\/es\/wp-json\/wp\/v2\/media?parent=3"}],"curies":[{"name":"wp","href":"https:\/\/api.w.org\/{rel}","templated":true}]}}